{"id":1352,"date":"2024-03-04T12:11:59","date_gmt":"2024-03-04T12:11:59","guid":{"rendered":"http:\/\/turbo.redq.io\/turbo\/?page_id=3"},"modified":"2024-06-30T12:32:45","modified_gmt":"2024-06-30T12:32:45","slug":"rent-terms","status":"publish","type":"page","link":"https:\/\/rentacarincyprus.com\/ro\/conditii-de-inchiriere\/","title":{"rendered":"Rent terms"},"content":{"rendered":"<div data-elementor-type=\"wp-page\" data-elementor-id=\"1352\" class=\"elementor elementor-1352\" data-elementor-post-type=\"page\">\n\t\t\t\t\t\t<section class=\"elementor-section elementor-top-section elementor-element elementor-element-55431d66 elementor-section-boxed elementor-section-height-default elementor-section-height-default\" data-id=\"55431d66\" data-element_type=\"section\">\n\t\t\t\t\t\t<div class=\"elementor-container elementor-column-gap-no\">\n\t\t\t\t\t<div class=\"elementor-column elementor-col-100 elementor-top-column elementor-element elementor-element-3126713e\" data-id=\"3126713e\" data-element_type=\"column\">\n\t\t\t<div class=\"elementor-widget-wrap elementor-element-populated\">\n\t\t\t\t\t\t<div class=\"elementor-element elementor-element-a40a49d elementor-widget elementor-widget-tm_fancy_title\" data-id=\"a40a49d\" data-element_type=\"widget\" data-widget_type=\"tm_fancy_title.default\">\n\t\t\t\t<div class=\"elementor-widget-container\">\n\t\t\t\n<div class=\"fancy-title-container\">\n    <h2 class=\"fancy-title font-semibold uppercase text-h2\">Termeni \u0219i condi\u021bii de \u00eenchiriere de ma\u0219ini \u00een Cipru<\/h2>\n\n    \n<\/div>\t\t<\/div>\n\t\t\t\t<\/div>\n\t\t\t\t<div class=\"elementor-element elementor-element-43e9626 elementor-widget elementor-widget-tm_tab\" data-id=\"43e9626\" data-element_type=\"widget\" data-widget_type=\"tm_tab.default\">\n\t\t\t\t<div class=\"elementor-widget-container\">\n\t\t\t\n<div class=\"bg-bg-white px-6 md:px-7 py-8 md:py-12 shadow-main rounded-lg\">\n    <div class=\"grid md:grid-cols-3 grid-cols-1 w-full\">\n        <div class=\"col-span-1 mb-10 md:mb-0 [&>.active]:bg-dark-bg\">\n                                                            <button class=\"group flex bg-bg-white rounded-lg w-full h-12 py-4 px-4 my-2 items-center focus:outline-none active\" onclick=\"openTabs('tab-407c214')\">\n                    <div class=\"font-normal text-sm leading-6 text-light-text group-focus:font-medium group-focus:text-brand\">Termeni \u0219i condi\u021bii de \u00eenchiriere<\/div>\n                <\/button>\n                                                            <button class=\"group flex bg-bg-white rounded-lg w-full h-12 py-4 px-4 my-2 items-center focus:outline-none\" onclick=\"openTabs('tab-d74378d')\">\n                    <div class=\"font-normal text-sm leading-6 text-light-text group-focus:font-medium group-focus:text-brand\">Obliga\u021biile clientului includ:<\/div>\n                <\/button>\n                                                            <button class=\"group flex bg-bg-white rounded-lg w-full h-12 py-4 px-4 my-2 items-center focus:outline-none\" onclick=\"openTabs('tab-fb340b5')\">\n                    <div class=\"font-normal text-sm leading-6 text-light-text group-focus:font-medium group-focus:text-brand\">Preturi de inchiriere auto la Larnaca, gaj si plata<\/div>\n                <\/button>\n                                                            <button class=\"group flex bg-bg-white rounded-lg w-full h-12 py-4 px-4 my-2 items-center focus:outline-none\" onclick=\"openTabs('tab-50379aa')\">\n                    <div class=\"font-normal text-sm leading-6 text-light-text group-focus:font-medium group-focus:text-brand\">Perioada minima de inchiriere si rezervare auto pe site<\/div>\n                <\/button>\n                                                            <button class=\"group flex bg-bg-white rounded-lg w-full h-12 py-4 px-4 my-2 items-center focus:outline-none\" onclick=\"openTabs('tab-9d1246f')\">\n                    <div class=\"font-normal text-sm leading-6 text-light-text group-focus:font-medium group-focus:text-brand\">Prelungirea perioadei de \u00eenchiriere \u0219i \u00eent\u00eerzierea return\u0103rii ma\u0219inii.<\/div>\n                <\/button>\n                                                            <button class=\"group flex bg-bg-white rounded-lg w-full h-12 py-4 px-4 my-2 items-center focus:outline-none\" onclick=\"openTabs('tab-4925196')\">\n                    <div class=\"font-normal text-sm leading-6 text-light-text group-focus:font-medium group-focus:text-brand\">Obliga\u021biile companiei de \u00eenchirieri auto<\/div>\n                <\/button>\n                                                            <button class=\"group flex bg-bg-white rounded-lg w-full h-12 py-4 px-4 my-2 items-center focus:outline-none\" onclick=\"openTabs('tab-4da561b')\">\n                    <div class=\"font-normal text-sm leading-6 text-light-text group-focus:font-medium group-focus:text-brand\">Asigur\u0103ri \u0219i taxe rutiere<\/div>\n                <\/button>\n                                                            <button class=\"group flex bg-bg-white rounded-lg w-full h-12 py-4 px-4 my-2 items-center focus:outline-none\" onclick=\"openTabs('tab-bec4cd9')\">\n                    <div class=\"font-normal text-sm leading-6 text-light-text group-focus:font-medium group-focus:text-brand\">Bonusuri \u0219i reduceri<\/div>\n                <\/button>\n                                                            <button class=\"group flex bg-bg-white rounded-lg w-full h-12 py-4 px-4 my-2 items-center focus:outline-none\" onclick=\"openTabs('tab-a585e14')\">\n                    <div class=\"font-normal text-sm leading-6 text-light-text group-focus:font-medium group-focus:text-brand\">Primirea ma\u0219inii rezervate sau ceva asem\u0103n\u0103tor<\/div>\n                <\/button>\n                                                            <button class=\"group flex bg-bg-white rounded-lg w-full h-12 py-4 px-4 my-2 items-center focus:outline-none\" onclick=\"openTabs('tab-330255e')\">\n                    <div class=\"font-normal text-sm leading-6 text-light-text group-focus:font-medium group-focus:text-brand\">Chiria trans-interna\u021bional\u0103 \u0219i limitele teritoriale<\/div>\n                <\/button>\n                                                            <button class=\"group flex bg-bg-white rounded-lg w-full h-12 py-4 px-4 my-2 items-center focus:outline-none\" onclick=\"openTabs('tab-513cc01')\">\n                    <div class=\"font-normal text-sm leading-6 text-light-text group-focus:font-medium group-focus:text-brand\">Taxe suplimentare<\/div>\n                <\/button>\n                    <\/div>\n\n                                <div id=\"tab-407c214\" class=\"md:col-span-2 step-tab\" style=\"display:block\">\n                <div class=\"tab-content md:px-8\">\n                    <p>V\u00e2rsta \u0219oferului \u0219i permisul de conducere<\/p><p>Ma\u0219inile se \u00eenchiriaz\u0103 persoanelor care au cel pu\u021bin 23 de ani \u0219i au permis de conducere categoria B, cu o experien\u021b\u0103 de conducere de minim 3 ani. Permisele interna\u021bionale sunt acceptate numai cu prezentarea pa\u0219aportului. Sunt acceptate permisele de conducere din Uniunea European\u0103, Rusia, CSI, SUA \u0219i Canada.<\/p>                <\/div>\n            <\/div>\n                                <div id=\"tab-d74378d\" class=\"md:col-span-2 step-tab\" style=\"display:none\">\n                <div class=\"tab-content md:px-8\">\n                    <p>- Respectarea regulilor de circula\u021bie ale Republicii Cipru.<br \/>- Ma\u0219ina poate fi condus\u0103 doar de persoana care a semnat contractul de \u00eenchiriere auto (dac\u0103 \u00een contract nu este specificat un \u0219ofer suplimentar).<br \/>- Ma\u0219ina poate fi folosit\u0103 doar \u00een scop personal, iar utilizarea transportului \u00een scopuri comerciale este interzis\u0103 (de exemplu ca taxi sau transport de pasageri).<br \/>- Clientul se obliga sa circule numai pe drumurile publice.<br \/>- S\u0103 nu transporte mai mul\u021bi pasageri dec\u00e2t locuri \u00een ma\u0219in\u0103.<br \/>- Respectarea regulilor de exploatare a ma\u0219inii, furnizate de produc\u0103tor.<br \/>- Sa parcheze masina in parcarea autorizata si sa nu o lase nesupravegheata.<br \/>- In caz de accident rutier, anunta reprezentantul companiei, politia, pompierii si alte organe competente. Respectiv, s\u0103 ia toate m\u0103surile necesare pentru a p\u0103stra siguran\u021ba personal\u0103 \u0219i pentru a minimiza deteriorarea ma\u0219inii.<br \/>- Este strict interzis\u0103 p\u0103r\u0103sirea teritoriului Republicii Cipru f\u0103r\u0103 notificarea companiei.<\/p>                <\/div>\n            <\/div>\n                                <div id=\"tab-fb340b5\" class=\"md:col-span-2 step-tab\" style=\"display:none\">\n                <div class=\"tab-content md:px-8\">\n                    <p>- Plata chiriei auto se face in momentul semnarii contractului. Prin semnarea contractului, locatarul se obliga sa plateasca intreaga suma pentru intreaga perioada de inchiriere indicata in contract la momentul semnarii acestuia. Plata se face prin cadrul electronic Visa sau MasterCard sau alte carduri de credit.<\/p><p>- Clientul se obliga sa lase un gaj de 500, 200 sau 0 (zero) euro in functie de asigurare. La rezervarea ma\u0219inii, specifica\u021bi tipul de asigurare pe care dori\u021bi. Gajul este restituit la expirarea contractului. Gajul nu este desp\u0103gubit numai \u00een cazul avariei autoturismului din vina clientului.<\/p>                <\/div>\n            <\/div>\n                                <div id=\"tab-50379aa\" class=\"md:col-span-2 step-tab\" style=\"display:none\">\n                <div class=\"tab-content md:px-8\">\n                    <p>- Termenul minim de \u00eenchiriere auto este de 3 zile.<br \/>- Sunt acceptate rezerv\u0103ri online \u0219i telefonice, precum \u0219i Viber \u0219i Whatsapp.<br \/>- Scrisoarea pe care o primi\u021bi la rezervarea ma\u0219inii pe site nu este o scrisoare de confirmare a rezerv\u0103rii. A\u0219tepta\u021bi p\u00e2n\u0103 c\u00e2nd operatorul v\u0103 contacteaz\u0103 \u0219i confirm\u0103 rezervarea.<\/p>                <\/div>\n            <\/div>\n                                <div id=\"tab-9d1246f\" class=\"md:col-span-2 step-tab\" style=\"display:none\">\n                <div class=\"tab-content md:px-8\">\n                    <p>- In cazul in care autoturismul nu este returnat in termenul stabilit in contract, se prevede o taxa:<br \/>- 5 \u20ac pentru prima or\u0103 de \u00eent\u00e2rziere;<br \/>- 7 \u20ac pentru fiecare or\u0103 pentru urm\u0103toarele 3 ore de \u00eent\u00e2rziere;<br \/>-\u00cent\u00e2rzierea care dep\u0103\u0219e\u0219te termenul de 3 ore este considerat\u0103 o zi \u00eentreag\u0103 de chirie;<br \/>- \u00cent\u00e2rzierea care dep\u0103\u0219e\u0219te termenul de 4 ore f\u0103r\u0103 sesizarea companiei atrage dup\u0103 sine o pl\u00e2ngere la autorit\u0103\u021bile competente cu privire la furtul autoturismului.<br \/>- Prelungirea contractului in caz de necesitate se realizeaza in conditiile prevazute anterior: pretul ramane neschimbat, este necesara doar stabilirea datei semnarii contractului.<\/p>                <\/div>\n            <\/div>\n                                <div id=\"tab-4925196\" class=\"md:col-span-2 step-tab\" style=\"display:none\">\n                <div class=\"tab-content md:px-8\">\n                    <p>- Dupa semnarea contractului, firma se obliga sa furnizeze autoturismul in stare tehnica corespunzatoare.<br \/>- Dup\u0103 semnarea contractului, primiti documentele \u0219i cheile ma\u0219inii.<\/p>                <\/div>\n            <\/div>\n                                <div id=\"tab-4da561b\" class=\"md:col-span-2 step-tab\" style=\"display:none\">\n                <div class=\"tab-content md:px-8\">\n                    <p>Toate ma\u0219inile noastre sunt asigurate integral CASCO \u0219i \u00eempotriva furtului. Pretul include toate taxele si revizia tehnica. Clientul poate beneficia de asigurare suplimentara pentru o plata suplimentara. Asigurarea standard este minima, toate celelalte sunt suplimentare si pot fi incluse in functie de dorinta clientului. De exemplu: asigurare de c\u0103l\u0103torie, asigurare deductibil\u0103, carte verde, asigurare medical\u0103 pentru vize Schengen. Clientul nu este eliberat de r\u0103spundere \u00een cazurile \u00een care: locatarul a provocat inten\u021bionat un accident, a fost \u00een stare de ebrietate sau sub influen\u021ba unor substan\u021be psihotrope sau nu a respectat regulile de circula\u021bie rutier\u0103 \u0219i legile Republicii Cipru.<\/p>                <\/div>\n            <\/div>\n                                <div id=\"tab-bec4cd9\" class=\"md:col-span-2 step-tab\" style=\"display:none\">\n                <div class=\"tab-content md:px-8\">\n                    <p>- Ma\u0219ina este oferit\u0103 f\u0103r\u0103 gaj clien\u021bilor permanen\u021bi<br \/>la termenul de \u00eenchiriere de la 10 zile.<br \/>- Clien\u021bii permanen\u021bi pot primi o reducere \u00eentre 5%-20%<br \/>- Oferim ca bonus clientilor fideli un scaun pentru copii gratuit, navigator GPS, card de internet.<\/p>                <\/div>\n            <\/div>\n                                <div id=\"tab-a585e14\" class=\"md:col-span-2 step-tab\" style=\"display:none\">\n                <div class=\"tab-content md:px-8\">\n                    <p>- Va atragem atentia ca imaginea vazuta este un exemplu de transport. Toate comenzile (cu excep\u021bia modelelor garantate) se fac pentru categorii de transport, dar nu pentru un anumit tip de autoturism.<br \/>- Clasa Economy, Clasa medie, Masini pentru familii, Clasa Business.<\/p>                <\/div>\n            <\/div>\n                                <div id=\"tab-330255e\" class=\"md:col-span-2 step-tab\" style=\"display:none\">\n                <div class=\"tab-content md:px-8\">\n                    <p>- P\u0103r\u0103sirea teritoriului \u021b\u0103rii este interzis\u0103.<br \/>- P\u0103r\u0103sirea teritoriului cu ma\u0219ina \u00eenchiriata \u00een Cipru de Nord este interzis\u0103.<\/p>                <\/div>\n            <\/div>\n                                <div id=\"tab-513cc01\" class=\"md:col-span-2 step-tab\" style=\"display:none\">\n                <div class=\"tab-content md:px-8\">\n                    <p>Se percepe o tax\u0103 suplimentar\u0103 de 20 \u20ac pentru primirea ma\u0219inii rezervate \u00een afara programului sau \u00een timpul nop\u021bii.<\/p>                <\/div>\n            <\/div>\n            <\/div>\n<\/div>\n\n\n<script>\n    function openTabs(tabId) {\n        \/\/ Remove the active class from all buttons and content\n        document.querySelectorAll('.group.flex').forEach(function(button) {\n            button.classList.remove('active');\n        });\n        document.querySelectorAll('.step-tab').forEach(function(content) {\n            content.style.display = 'none';\n        });\n\n        \/\/ Add the active class to the clicked button and show the corresponding content\n        document.getElementById(tabId).style.display = 'block';\n        document.querySelector('[onclick=\"openTabs(\\'' + tabId + '\\')\"]').classList.add('active');\n\n        \/\/ Update the URL with the current tab using the hash\n        window.location.hash = '#' + tabId;\n    }\n\n    \/\/ Check if an active tab exists in the URL on page load\n    window.addEventListener('DOMContentLoaded', function() {\n        var activeTab = window.location.hash;\n        if (activeTab) {\n            openTabs(activeTab.substring(1));\n        }\n    });\n<\/script>\t\t<\/div>\n\t\t\t\t<\/div>\n\t\t\t\t\t<\/div>\n\t\t<\/div>\n\t\t\t\t\t<\/div>\n\t\t<\/section>\n\t\t\t\t<\/div>","protected":false},"excerpt":{"rendered":"","protected":false},"author":3,"featured_media":0,"parent":0,"menu_order":0,"comment_status":"closed","ping_status":"closed","template":"","meta":{"footnotes":""},"yoast_head":"<!-- This site is optimized with the Yoast SEO Premium plugin v22.1 (Yoast SEO v22.9) - https:\/\/yoast.com\/wordpress\/plugins\/seo\/ -->\n<title>Rent terms - CAR RENTAL LARNACA CYPRUS<\/title>\n<meta name=\"robots\" content=\"index, follow, max-snippet:-1, max-image-preview:large, max-video-preview:-1\" \/>\n<link rel=\"canonical\" href=\"https:\/\/rentacarincyprus.com\/ro\/conditii-de-inchiriere\/\" \/>\n<meta property=\"og:locale\" content=\"ro_RO\" \/>\n<meta property=\"og:type\" content=\"article\" \/>\n<meta property=\"og:title\" content=\"Rent terms\" \/>\n<meta property=\"og:url\" content=\"https:\/\/rentacarincyprus.com\/ro\/conditii-de-inchiriere\/\" \/>\n<meta property=\"og:site_name\" content=\"CAR RENTAL LARNACA CYPRUS\" \/>\n<meta property=\"article:publisher\" content=\"https:\/\/www.facebook.com\/CarhireVeniceAirport\/\" \/>\n<meta property=\"article:modified_time\" content=\"2024-06-30T12:32:45+00:00\" \/>\n<meta name=\"twitter:card\" content=\"summary_large_image\" \/>\n<script type=\"application\/ld+json\" class=\"yoast-schema-graph\">{\"@context\":\"https:\/\/schema.org\",\"@graph\":[{\"@type\":\"WebPage\",\"@id\":\"https:\/\/rentacarincyprus.com\/rent-terms\/\",\"url\":\"https:\/\/rentacarincyprus.com\/rent-terms\/\",\"name\":\"Rent terms - CAR RENTAL LARNACA CYPRUS\",\"isPartOf\":{\"@id\":\"https:\/\/rentacarincyprus.com\/#website\"},\"datePublished\":\"2024-03-04T12:11:59+00:00\",\"dateModified\":\"2024-06-30T12:32:45+00:00\",\"breadcrumb\":{\"@id\":\"https:\/\/rentacarincyprus.com\/rent-terms\/#breadcrumb\"},\"inLanguage\":\"ro-RO\",\"potentialAction\":[{\"@type\":\"ReadAction\",\"target\":[\"https:\/\/rentacarincyprus.com\/rent-terms\/\"]}]},{\"@type\":\"BreadcrumbList\",\"@id\":\"https:\/\/rentacarincyprus.com\/rent-terms\/#breadcrumb\",\"itemListElement\":[{\"@type\":\"ListItem\",\"position\":1,\"name\":\"Home\",\"item\":\"https:\/\/rentacarincyprus.com\/\"},{\"@type\":\"ListItem\",\"position\":2,\"name\":\"Rent terms\"}]},{\"@type\":\"WebSite\",\"@id\":\"https:\/\/rentacarincyprus.com\/#website\",\"url\":\"https:\/\/rentacarincyprus.com\/\",\"name\":\"Rent a car airport Treviso Venezia\",\"description\":\"CAR RENTAL LARNACA CYPRUS\",\"publisher\":{\"@id\":\"https:\/\/rentacarincyprus.com\/#organization\"},\"potentialAction\":[{\"@type\":\"SearchAction\",\"target\":{\"@type\":\"EntryPoint\",\"urlTemplate\":\"https:\/\/rentacarincyprus.com\/?s={search_term_string}\"},\"query-input\":\"required name=search_term_string\"}],\"inLanguage\":\"ro-RO\"},{\"@type\":\"Organization\",\"@id\":\"https:\/\/rentacarincyprus.com\/#organization\",\"name\":\"Rent a carTreviso\",\"url\":\"https:\/\/rentacarincyprus.com\/\",\"logo\":{\"@type\":\"ImageObject\",\"inLanguage\":\"ro-RO\",\"@id\":\"https:\/\/rentacarincyprus.com\/#\/schema\/logo\/image\/\",\"url\":\"\",\"contentUrl\":\"\",\"caption\":\"Rent a carTreviso\"},\"image\":{\"@id\":\"https:\/\/rentacarincyprus.com\/#\/schema\/logo\/image\/\"},\"sameAs\":[\"https:\/\/www.facebook.com\/CarhireVeniceAirport\/\",\"https:\/\/www.instagram.com\/rent_a_car_venice_airport\/\"]}]}<\/script>\n<!-- \/ Yoast SEO Premium plugin. -->","yoast_head_json":{"title":"Rent terms - CAR RENTAL LARNACA CYPRUS","robots":{"index":"index","follow":"follow","max-snippet":"max-snippet:-1","max-image-preview":"max-image-preview:large","max-video-preview":"max-video-preview:-1"},"canonical":"https:\/\/rentacarincyprus.com\/ro\/conditii-de-inchiriere\/","og_locale":"ro_RO","og_type":"article","og_title":"Rent terms","og_url":"https:\/\/rentacarincyprus.com\/ro\/conditii-de-inchiriere\/","og_site_name":"CAR RENTAL LARNACA CYPRUS","article_publisher":"https:\/\/www.facebook.com\/CarhireVeniceAirport\/","article_modified_time":"2024-06-30T12:32:45+00:00","twitter_card":"summary_large_image","schema":{"@context":"https:\/\/schema.org","@graph":[{"@type":"WebPage","@id":"https:\/\/rentacarincyprus.com\/rent-terms\/","url":"https:\/\/rentacarincyprus.com\/rent-terms\/","name":"Rent terms - CAR RENTAL LARNACA CYPRUS","isPartOf":{"@id":"https:\/\/rentacarincyprus.com\/#website"},"datePublished":"2024-03-04T12:11:59+00:00","dateModified":"2024-06-30T12:32:45+00:00","breadcrumb":{"@id":"https:\/\/rentacarincyprus.com\/rent-terms\/#breadcrumb"},"inLanguage":"ro-RO","potentialAction":[{"@type":"ReadAction","target":["https:\/\/rentacarincyprus.com\/rent-terms\/"]}]},{"@type":"BreadcrumbList","@id":"https:\/\/rentacarincyprus.com\/rent-terms\/#breadcrumb","itemListElement":[{"@type":"ListItem","position":1,"name":"Home","item":"https:\/\/rentacarincyprus.com\/"},{"@type":"ListItem","position":2,"name":"Rent terms"}]},{"@type":"WebSite","@id":"https:\/\/rentacarincyprus.com\/#website","url":"https:\/\/rentacarincyprus.com\/","name":"Rent a car airport Treviso Venezia","description":"CAR RENTAL LARNACA CYPRUS","publisher":{"@id":"https:\/\/rentacarincyprus.com\/#organization"},"potentialAction":[{"@type":"SearchAction","target":{"@type":"EntryPoint","urlTemplate":"https:\/\/rentacarincyprus.com\/?s={search_term_string}"},"query-input":"required name=search_term_string"}],"inLanguage":"ro-RO"},{"@type":"Organization","@id":"https:\/\/rentacarincyprus.com\/#organization","name":"Rent a carTreviso","url":"https:\/\/rentacarincyprus.com\/","logo":{"@type":"ImageObject","inLanguage":"ro-RO","@id":"https:\/\/rentacarincyprus.com\/#\/schema\/logo\/image\/","url":"","contentUrl":"","caption":"Rent a carTreviso"},"image":{"@id":"https:\/\/rentacarincyprus.com\/#\/schema\/logo\/image\/"},"sameAs":["https:\/\/www.facebook.com\/CarhireVeniceAirport\/","https:\/\/www.instagram.com\/rent_a_car_venice_airport\/"]}]}},"_links":{"self":[{"href":"https:\/\/rentacarincyprus.com\/ro\/wp-json\/wp\/v2\/pages\/1352"}],"collection":[{"href":"https:\/\/rentacarincyprus.com\/ro\/wp-json\/wp\/v2\/pages"}],"about":[{"href":"https:\/\/rentacarincyprus.com\/ro\/wp-json\/wp\/v2\/types\/page"}],"author":[{"embeddable":true,"href":"https:\/\/rentacarincyprus.com\/ro\/wp-json\/wp\/v2\/users\/3"}],"replies":[{"embeddable":true,"href":"https:\/\/rentacarincyprus.com\/ro\/wp-json\/wp\/v2\/comments?post=1352"}],"version-history":[{"count":199,"href":"https:\/\/rentacarincyprus.com\/ro\/wp-json\/wp\/v2\/pages\/1352\/revisions"}],"predecessor-version":[{"id":14369,"href":"https:\/\/rentacarincyprus.com\/ro\/wp-json\/wp\/v2\/pages\/1352\/revisions\/14369"}],"wp:attachment":[{"href":"https:\/\/rentacarincyprus.com\/ro\/wp-json\/wp\/v2\/media?parent=1352"}],"curies":[{"name":"wp","href":"https:\/\/api.w.org\/{rel}","templated":true}]}}