{"id":1843,"date":"2024-03-04T12:03:48","date_gmt":"2024-03-04T12:03:48","guid":{"rendered":"https:\/\/turbo.redq.io\/?page_id=1843"},"modified":"2026-01-11T11:25:34","modified_gmt":"2026-01-11T11:25:34","slug":"car-rental-services-in-larnaca-offer-reliable-vehicles-competitive-prices-and-exceptional-customer-support-for-a-hassle-free-experience","status":"publish","type":"page","link":"https:\/\/rentacarincyprus.com\/ro\/despre-noi\/","title":{"rendered":"About our company"},"content":{"rendered":"<div data-elementor-type=\"wp-page\" data-elementor-id=\"1843\" class=\"elementor elementor-1843\" data-elementor-post-type=\"page\">\n\t\t\t\t\t\t<section class=\"elementor-section elementor-top-section elementor-element elementor-element-54e1714 elementor-section-boxed elementor-section-height-default elementor-section-height-default\" data-id=\"54e1714\" data-element_type=\"section\">\n\t\t\t\t\t\t<div class=\"elementor-container elementor-column-gap-no\">\n\t\t\t\t\t<div class=\"elementor-column elementor-col-100 elementor-top-column elementor-element elementor-element-9f6b314\" data-id=\"9f6b314\" data-element_type=\"column\">\n\t\t\t<div class=\"elementor-widget-wrap elementor-element-populated\">\n\t\t\t\t\t\t<div class=\"elementor-element elementor-element-91b1aab elementor-widget elementor-widget-tm_fancy_title\" data-id=\"91b1aab\" data-element_type=\"widget\" data-widget_type=\"tm_fancy_title.default\">\n\t\t\t\t<div class=\"elementor-widget-container\">\n\t\t\t\n<div class=\"fancy-title-container\">\n    <h2 class=\"fancy-title font-semibold uppercase text-h2\">CINE SUNTEM NOI\n<\/h2>\n\n            <p class=\"fancy-desc text-light-text leading-7\">\n\n            Compania noastr\u0103 de \u00eenchirieri auto din Cipru: peste 10 ani de excelen\u021b\u0103.\n\nCu peste un deceniu de experien\u021b\u0103 \u00een industria \u00eenchirieri auto, compania noastr\u0103 s-a impus ca lider de pia\u021b\u0103 \u00een Cipru, oferind servicii de \u00eenalt\u0103 calitate at\u00e2t turi\u0219tilor, c\u00e2t \u0219i localnicilor. Ne m\u00e2ndrim cu un portofoliu vast de clien\u021bi mul\u021bumi\u021bi \u0219i cu o flot\u0103 de vehicule moderne \u0219i bine \u00eentre\u021binute, care asigur\u0103 siguran\u021ba \u0219i confortul fiec\u0103rei c\u0103l\u0103torii.\n\nExperienta si profesionalism:\n\nPe parcursul a peste 10 ani de activitate, ne-am dezvoltat o expertiz\u0103 profund\u0103 \u00een nevoile \u0219i a\u0219tept\u0103rile clien\u021bilor no\u0219tri. Fie c\u0103 este vorba de c\u0103l\u0103torii de afaceri, vacan\u021be \u00een familie sau evadare romantice, oferim solu\u021bii personalizate care r\u0103spund perfect cerin\u021belor fiec\u0103rui client.\n\nFlota noastr\u0103:\n\nFlota noastr\u0103 divers\u0103 include o gam\u0103 larg\u0103 de vehicule, de la ma\u0219ini compacte \u0219i economice, ideale pentru c\u0103l\u0103torii \u00een ora\u0219, p\u00e2n\u0103 la SUV-uri spa\u021bioase \u0219i vehicule de lux pentru ocazii speciale. Toate vehiculele noastre sunt supuse unor verific\u0103ri tehnice riguroase \u0219i sunt echipate cu cele mai moderne sisteme de siguran\u021b\u0103 \u0219i confort.\n\nServicii personalizate:\n\n\u00cen\u021belegem c\u0103 fiecare client are nevoi unice, motiv pentru care oferim servicii personalizate pentru a asigura o experien\u021b\u0103 de neuitat. De la livrarea ma\u0219inii la aeroport sau hotel, p\u00e2n\u0103 la asisten\u021b\u0103 rutier\u0103 24\/7, ne asigur\u0103m c\u0103 fiecare detaliu este perfect.\n\nAvantaje competitive:\n\nPrintre avantajele care ne diferen\u021biaz\u0103 se num\u0103r\u0103:\n\nPreturi competitive: Oferim tarife atractive si pachete promotionale avantajoase.\nServiciu de calitate pentru clien\u021bi: echipa noastr\u0103 prietenoas\u0103 \u0219i profesionist\u0103 este \u00eentotdeauna gata s\u0103 v\u0103 ajute.\nTransparen\u021b\u0103: Nu avem costuri ascunse \u0219i condi\u021biile de \u00eenchiriere sunt clar stipulate \u00eenc\u0103 de la \u00eenceput.\nFlexibilitate: Politici flexibile de anulare \u0219i modificare pentru rezerv\u0103ri.\nFeedback-ul clien\u021bilor\n\nEvalu\u0103rile clien\u021bilor no\u0219tri sunt o dovad\u0103 a angajamentului nostru fa\u021b\u0103 de excelen\u021b\u0103. Recenziile pozitive \u0219i loialitatea clien\u021bilor ne \u00eencurajeaz\u0103 s\u0103 men\u021binem standarde \u00eenalte \u0219i s\u0103 ne \u00eembun\u0103t\u0103\u021bim continuu serviciile.\n\nPlanuri de viitor:\n\nNe propunem s\u0103 extindem \u0219i s\u0103 diversific\u0103m \u00een continuare flota noastr\u0103, s\u0103 implement\u0103m tehnologii de ultim\u0103 or\u0103 \u0219i s\u0103 dezvolt\u0103m parteneriate strategice care ne permit s\u0103 oferim servicii de calitate \u0219i mai bun\u0103. Scopul nostru este s\u0103 r\u0103m\u00e2nem prima alegere pentru \u00eenchirierea de ma\u0219ini \u00een Cipru \u0219i s\u0103 continu\u0103m s\u0103 dep\u0103\u0219im a\u0219tept\u0103rile clien\u021bilor no\u0219tri.\n\nCu peste 10 ani de experien\u021b\u0103 \u00een industria \u00eenchirieri auto, compania noastr\u0103 se angajeaz\u0103 s\u0103 ofere servicii excep\u021bionale \u0219i s\u0103 asigure satisfac\u021bia complet\u0103 a clien\u021bilor. Indiferent de destina\u021bie sau tipul c\u0103l\u0103toriei, suntem partenerul de \u00eencredere care transform\u0103 fiecare drum \u00eentr-o experien\u021b\u0103 pl\u0103cut\u0103 \u0219i sigur\u0103.\n\nV\u0103 invit\u0103m s\u0103 descoperi\u021bi beneficiile lucrului cu noi \u0219i s\u0103 experimenta\u021bi confortul \u0219i siguran\u021ba oferite de serviciile noastre de \u00eenchiriere auto.\n                            <a  class=\"inline-block underline-offset-8 font-medium\">\n                                    <\/a>\n            \n        <\/p>\n    \n<\/div>\t\t<\/div>\n\t\t\t\t<\/div>\n\t\t\t\t<div class=\"elementor-element elementor-element-6dad84c elementor-widget elementor-widget-tm_workflow\" data-id=\"6dad84c\" data-element_type=\"widget\" data-widget_type=\"tm_workflow.default\">\n\t\t\t\t<div class=\"elementor-widget-container\">\n\t\t\t<div class=\"lg:container mx-auto px-4 layout-vertical\">\n    <div class=\"grid grid-cols-1 sm:grid-cols-2 lg:grid-cols-4 gap-8\">\n                    <div class=\"wf_card bg-bg-white relative z-10 text-center shadow-main py-10 xl:py-16 px-6 rounded-lg\">\n                                    <span class=\"icon_bg flex justify-center mb-10 xl:mb-13\">\n                        <img decoding=\"async\" src=\"http:\/\/rentacarincyprus.com\/wp-content\/uploads\/2024\/02\/handsome-man-chilling-lake-shore-after-visit-mountains-looking-away-enjoying-nature_197531-4429.jpg\" alt=\"Search Location\" \/>\n                    <\/span>\n                                <h2 class=\"wf_title text-lg font-semibold uppercase text-brand\">Integrat complet<\/h2>\n                <p class=\"wf_content mt-2 mb-0 text-sm text-light-text leading-6\">Pe acest site g\u0103se\u0219ti toate serviciile de \u00eenchiriere auto cu 2 clicuri, \u201eOferim servicii pe termen lung \u0219i scurt\u201d.<\/p>\n            <\/div>\n                    <div class=\"wf_card bg-bg-white relative z-10 text-center shadow-main py-10 xl:py-16 px-6 rounded-lg\">\n                                    <span class=\"icon_bg flex justify-center mb-10 xl:mb-13\">\n                        <img decoding=\"async\" src=\"http:\/\/rentacarincyprus.com\/wp-content\/uploads\/2024\/03\/no-credit-card-needs.png\" alt=\"Search Location\" \/>\n                    <\/span>\n                                <h2 class=\"wf_title text-lg font-semibold uppercase text-brand\">Caracteristici de plat\u0103<\/h2>\n                <p class=\"wf_content mt-2 mb-0 text-sm text-light-text leading-6\">Visa, Mastercard, PAYPAL, American Express, IBAN, card de debit, credit. transfera\u021bi \u00een contul Iban, pl\u0103ti\u021bi cu numerar.<\/p>\n            <\/div>\n                    <div class=\"wf_card bg-bg-white relative z-10 text-center shadow-main py-10 xl:py-16 px-6 rounded-lg\">\n                                    <span class=\"icon_bg flex justify-center mb-10 xl:mb-13\">\n                        <img decoding=\"async\" src=\"http:\/\/rentacarincyprus.com\/wp-content\/uploads\/2024\/03\/al-in-clusiv.jpg\" alt=\"Search Location\" \/>\n                    <\/span>\n                                <h2 class=\"wf_title text-lg font-semibold uppercase text-brand\">Toate serviciile incluse in inchiriere<\/h2>\n                <p class=\"wf_content mt-2 mb-0 text-sm text-light-text leading-6\">\u00centre\u021binere \u0219i suport tehnic, tehnologie de ultim\u0103 or\u0103, asigurare \u0219i acoperire, flexibilitate contractual\u0103, scaun pentru copii pentru medicii de familie<\/p>\n            <\/div>\n                    <div class=\"wf_card bg-bg-white relative z-10 text-center shadow-main py-10 xl:py-16 px-6 rounded-lg\">\n                                    <span class=\"icon_bg flex justify-center mb-10 xl:mb-13\">\n                        <img decoding=\"async\" src=\"http:\/\/rentacarincyprus.com\/wp-content\/uploads\/2024\/03\/servizoi-per-cliente.webp\" alt=\"Search Location\" \/>\n                    <\/span>\n                                <h2 class=\"wf_title text-lg font-semibold uppercase text-brand\">Calitatea serviciilor:<\/h2>\n                <p class=\"wf_content mt-2 mb-0 text-sm text-light-text leading-6\">Satisfac\u021bia clien\u021bilor este \u00een centrul misiunii noastre Calitatea este \u00een centrul a tot ceea ce facem. Ne str\u0103duim s\u0103 oferim cel mai bun pre\u021b de pe pia\u021b\u0103<\/p>\n            <\/div>\n            <\/div>\n<\/div>\t\t<\/div>\n\t\t\t\t<\/div>\n\t\t\t\t\t<\/div>\n\t\t<\/div>\n\t\t\t\t\t<\/div>\n\t\t<\/section>\n\t\t<div class=\"elementor-element elementor-element-72083fe e-flex e-con-boxed e-con e-parent\" data-id=\"72083fe\" data-element_type=\"container\">\n\t\t\t\t\t<div class=\"e-con-inner\">\n\t\t\t\t<div class=\"elementor-element elementor-element-5981018 elementor-widget elementor-widget-tm_description\" data-id=\"5981018\" data-element_type=\"widget\" data-widget_type=\"tm_description.default\">\n\t\t\t\t<div class=\"elementor-widget-container\">\n\t\t\t\n\n<div class=\"d-container lg:container mx-auto px-4\">\n            <h2 class=\"d-title mb-3 font-semibold uppercase text-2xl\">\n            Avantajele \u00eenchirierii unei ma\u0219ini \u00een Cipru\n        <\/h2>\n    \n            <p class=\"d-desc text-light-text text-sm leading-7 [&_a]:font-semibold [&_a]:!underline [&_a]:text-inherit [&_a]:hover:text-inherit\">\n            \u00cenchirierea unei ma\u0219ini \u00een Cipru v\u0103 poate transforma foarte mult experien\u021ba de c\u0103l\u0103torie pe aceast\u0103 insul\u0103 frumoas\u0103 \u0219i istoric\u0103. Acest serviciu vine cu o serie de beneficii care contribuie la confortul, flexibilitatea \u0219i eficien\u021ba c\u0103l\u0103toriei dumneavoastr\u0103. Iat\u0103 c\u00e2teva dintre cele mai importante avantaje:1. Libertate \u0219i flexibilitate \u00cenchirierea unei ma\u0219ini v\u0103 ofer\u0103 libertatea de a explora insula \u00een propriul ritm. Nu mai sunte\u021bi legat de orarele transportului public sau de programele de tur organizate. Puteti vizita obiective turistice, plaje izolate sau sate pitoresti exact cand doriti, petrecand in fiecare loc atat timp cat considerati necesar.2. Acces facil la atrac\u021biiCipru este o insul\u0103 cu o infrastructur\u0103 rutier\u0103 bine dezvoltat\u0103, iar majoritatea atrac\u021biilor turistice sunt u\u0219or accesibile cu ma\u0219ina. Indiferent dac\u0103 dori\u021bi s\u0103 explora\u021bi ora\u0219ele istorice Nicosia \u0219i Limassol, s\u0103 vizita\u021bi siturile arheologice din Paphos sau s\u0103 descoperi\u021bi frumuse\u021bea natural\u0103 a Parcului Na\u021bional Troodos, o ma\u0219in\u0103 v\u0103 permite s\u0103 ajunge\u021bi la destina\u021bie rapid \u0219i confortabil.3. Confort \u0219i comoditate C\u0103l\u0103torind cu o ma\u0219in\u0103 \u00eenchiriat\u0103 ofer\u0103 un nivel sporit de confort. Nu trebuie s\u0103 v\u0103 face\u021bi griji pentru bagaje sau condi\u021biile meteorologice. \u00cen plus, multe ma\u0219ini de \u00eenchiriat sunt dotate cu sisteme moderne de naviga\u021bie \u0219i aer condi\u021bionat, contribuind astfel la o experien\u021b\u0103 de c\u0103l\u0103torie mai pl\u0103cut\u0103.4. Costuri eficienteDe\u0219i ini\u021bial poate p\u0103rea o investi\u021bie mai mare, \u00eenchirierea unei ma\u0219ini se poate dovedi rentabil\u0103, mai ales dac\u0103 c\u0103l\u0103tori\u021bi \u00een grup sau ave\u021bi un itinerar aglomerat. Costurile cu transportul public sau taxiul pot cre\u0219te rapid, \u00een timp ce o ma\u0219in\u0103 de \u00eenchiriat v\u0103 ofer\u0103 un cost fix \u0219i transparent pe durata \u0219ederii dumneavoastr\u0103.5. SafetyMajoritatea companiilor de \u00eenchiriere auto ofer\u0103 asigurare \u0219i asisten\u021b\u0103 rutier\u0103 24\/7, ceea ce \u00eenseamn\u0103 c\u0103 ave\u021bi lini\u0219tea sufleteasc\u0103 c\u0103 sunte\u021bi acoperit \u00een cazul unui incident. De asemenea, pute\u021bi alege o ma\u0219in\u0103 potrivit\u0103 pentru tipul de drumuri pe care inten\u021biona\u021bi s\u0103 \u00eel parcurge\u021bi, asigur\u00e2nd astfel o c\u0103l\u0103torie mai sigur\u0103 \u0219i mai confortabil\u0103.6. Experien\u021be uniceCipru este cunoscut pentru peisajele sale variate \u0219i atrac\u021biile naturale remarcabile. \u00cenchiriind o ma\u0219in\u0103, ai ocazia s\u0103 accesezi zone mai pu\u021bin cunoscute \u0219i s\u0103 descoperi frumuse\u021bea autentic\u0103 a insulei. De la plajele izolate din Peninsula Akamas p\u00e2n\u0103 la traseele montane din Troodos, experien\u021bele oferite de c\u0103l\u0103toriile independente sunt incomparabile. \u00cenchirierea unei ma\u0219ini \u00een Cipru aduce multe avantaje, \u00eembun\u0103t\u0103\u021bind considerabil experien\u021ba de c\u0103l\u0103torie. De la libertatea de mi\u0219care \u0219i confort sporit, p\u00e2n\u0103 la siguran\u021b\u0103 \u0219i eficien\u021b\u0103 a costurilor, aceast\u0103 op\u021biune se dovede\u0219te a fi ideal\u0103 pentru cei care doresc s\u0103 exploreze tot ce are de oferit aceast\u0103 minunat\u0103 insul\u0103. Astfel, te vei putea bucura din plin de vacanta ta, transformand fiecare clipa intr-o amintire de neuitat.        <\/p>\n    <\/div>\t\t<\/div>\n\t\t\t\t<\/div>\n\t\t\t\t\t<\/div>\n\t\t\t\t<\/div>\n\t\t\t\t<section class=\"elementor-section elementor-top-section elementor-element elementor-element-088cbd6 elementor-section-boxed elementor-section-height-default elementor-section-height-default\" data-id=\"088cbd6\" data-element_type=\"section\">\n\t\t\t\t\t\t<div class=\"elementor-container elementor-column-gap-no\">\n\t\t\t\t\t<div class=\"elementor-column elementor-col-100 elementor-top-column elementor-element elementor-element-30aaefb\" data-id=\"30aaefb\" data-element_type=\"column\">\n\t\t\t<div class=\"elementor-widget-wrap elementor-element-populated\">\n\t\t\t\t\t\t<div class=\"elementor-element elementor-element-4af366e elementor-widget elementor-widget-tm_fancy_title\" data-id=\"4af366e\" data-element_type=\"widget\" data-widget_type=\"tm_fancy_title.default\">\n\t\t\t\t<div class=\"elementor-widget-container\">\n\t\t\t\n<div class=\"fancy-title-container\">\n    <h2 class=\"fancy-title font-semibold uppercase text-h2\">Echipa executiva:<\/h2>\n\n    \n<\/div>\t\t<\/div>\n\t\t\t\t<\/div>\n\t\t\t\t<div class=\"elementor-element elementor-element-c524a37 elementor-widget elementor-widget-tm_team\" data-id=\"c524a37\" data-element_type=\"widget\" data-widget_type=\"tm_team.default\">\n\t\t\t\t<div class=\"elementor-widget-container\">\n\t\t\t\n<div class=\"lg:container mx-auto px-4\">\n\n    <div class=\"team-container grid grid-cols-1 sm:grid-cols-2 gap-6\">\n\n        \n            <div class=\"team-card bg-bg-white relative shadow-main rounded-lg p-4 flex gap-6 transition-all duration-300\">\n\n                \n                    <figure class=\"team-image rounded-lg overflow-hidden m-0 aspect-square max-w-[192px] w-full\">\n\n                        <img loading=\"lazy\" decoding=\"async\" width=\"192\" height=\"192\" src=\"https:\/\/rentacarincyprus.com\/wp-content\/uploads\/2023\/12\/img-4.png\" class=\"w-full h-full object-cover\" alt=\"Maria Robu\" srcset=\"https:\/\/rentacarincyprus.com\/wp-content\/uploads\/2023\/12\/img-4.png 192w, https:\/\/rentacarincyprus.com\/wp-content\/uploads\/2023\/12\/img-4-100x100.png 100w, https:\/\/rentacarincyprus.com\/wp-content\/uploads\/2023\/12\/img-4-150x150.png 150w\" sizes=\"(max-width: 192px) 100vw, 192px\" \/>\n                    <\/figure>\n\n                \n                <div class=\"team-text-container\">\n\n                    <h4 class=\"team-title mb-1 text-lg leading-6 font-medium uppercase\">Maria Robu<\/h4>\n\n                    <p class=\"team-subtitle mb-4 text-sm text-dark-text leading-[18px] uppercase\">Manager de rezerv\u0103ri<\/p>\n\n                    <p class=\"team-desc mb-0 text-sm text-light-text leading-7\">\u00cen calitate de Manager Rezerv\u0103ri, Maria Robu supravegheaz\u0103 opera\u021biunile zilnice, asigur\u00e2nd procese fluide \u0219i eficiente \u00een cadrul companiei. Ochiul s\u0103u aprofundat pentru detalii \u0219i abilit\u0103\u021bile organizatorice contribuie la buna func\u021bionare a serviciilor noastre de \u00eenchiriere de ma\u0219ini, oferind clien\u021bilor no\u0219tri o experien\u021b\u0103 perfect\u0103.<\/p>\n\n                <\/div>\n\n            <\/div>\n\n        \n            <div class=\"team-card bg-bg-white relative shadow-main rounded-lg p-4 flex gap-6 transition-all duration-300\">\n\n                \n                    <figure class=\"team-image rounded-lg overflow-hidden m-0 aspect-square max-w-[192px] w-full\">\n\n                        <img loading=\"lazy\" decoding=\"async\" width=\"192\" height=\"192\" src=\"https:\/\/rentacarincyprus.com\/wp-content\/uploads\/2023\/12\/img-3.png\" class=\"w-full h-full object-cover\" alt=\"Marco Moretti\" srcset=\"https:\/\/rentacarincyprus.com\/wp-content\/uploads\/2023\/12\/img-3.png 192w, https:\/\/rentacarincyprus.com\/wp-content\/uploads\/2023\/12\/img-3-100x100.png 100w, https:\/\/rentacarincyprus.com\/wp-content\/uploads\/2023\/12\/img-3-150x150.png 150w\" sizes=\"(max-width: 192px) 100vw, 192px\" \/>\n                    <\/figure>\n\n                \n                <div class=\"team-text-container\">\n\n                    <h4 class=\"team-title mb-1 text-lg leading-6 font-medium uppercase\">Marco Moretti<\/h4>\n\n                    <p class=\"team-subtitle mb-4 text-sm text-dark-text leading-[18px] uppercase\">Serviciu clien\u021bi<\/p>\n\n                    <p class=\"team-desc mb-0 text-sm text-light-text leading-7\">Marco Moretti aduce o vast\u0103 experien\u021b\u0103 financiar\u0103 echipei executive. Planificarea sa financiar\u0103 strategic\u0103 asigur\u0103 stabilitatea \u0219i cre\u0219terea companiei. Marco se angajeaz\u0103 s\u0103 echilibreze responsabilitatea fiscal\u0103 cu angajamentul nostru fa\u021b\u0103 de sustenabilitatea mediului \u0219i satisfac\u021bia clien\u021bilor.<\/p>\n\n                <\/div>\n\n            <\/div>\n\n        \n            <div class=\"team-card bg-bg-white relative shadow-main rounded-lg p-4 flex gap-6 transition-all duration-300\">\n\n                \n                    <figure class=\"team-image rounded-lg overflow-hidden m-0 aspect-square max-w-[192px] w-full\">\n\n                        <img loading=\"lazy\" decoding=\"async\" width=\"192\" height=\"192\" src=\"https:\/\/rentacarincyprus.com\/wp-content\/uploads\/2023\/12\/img-2.png\" class=\"w-full h-full object-cover\" alt=\"Alex Margineanu\" srcset=\"https:\/\/rentacarincyprus.com\/wp-content\/uploads\/2023\/12\/img-2.png 192w, https:\/\/rentacarincyprus.com\/wp-content\/uploads\/2023\/12\/img-2-100x100.png 100w, https:\/\/rentacarincyprus.com\/wp-content\/uploads\/2023\/12\/img-2-150x150.png 150w\" sizes=\"(max-width: 192px) 100vw, 192px\" \/>\n                    <\/figure>\n\n                \n                <div class=\"team-text-container\">\n\n                    <h4 class=\"team-title mb-1 text-lg leading-6 font-medium uppercase\">Alex Margineanu<\/h4>\n\n                    <p class=\"team-subtitle mb-4 text-sm text-dark-text leading-[18px] uppercase\">Director de marketing<\/p>\n\n                    <p class=\"team-desc mb-0 text-sm text-light-text leading-7\">Alex, directorul nostru de marketing, este responsabil pentru promovarea m\u0103rcii noastre \u0219i a valorilor noastre. Prin campanii strategice de marketing, Alex ne comunic\u0103 angajamentul fa\u021b\u0103 de satisfac\u021bia clien\u021bilor, inova\u021bia tehnologic\u0103 \u0219i sustenabilitatea mediului, pozi\u021bion\u00e2nd compania noastr\u0103 ca lider \u00een industrie.<\/p>\n\n                <\/div>\n\n            <\/div>\n\n        \n            <div class=\"team-card bg-bg-white relative shadow-main rounded-lg p-4 flex gap-6 transition-all duration-300\">\n\n                \n                    <figure class=\"team-image rounded-lg overflow-hidden m-0 aspect-square max-w-[192px] w-full\">\n\n                        <img loading=\"lazy\" decoding=\"async\" width=\"192\" height=\"192\" src=\"https:\/\/rentacarincyprus.com\/wp-content\/uploads\/2023\/12\/img-1.png\" class=\"w-full h-full object-cover\" alt=\"Alessio Marino\" srcset=\"https:\/\/rentacarincyprus.com\/wp-content\/uploads\/2023\/12\/img-1.png 192w, https:\/\/rentacarincyprus.com\/wp-content\/uploads\/2023\/12\/img-1-100x100.png 100w, https:\/\/rentacarincyprus.com\/wp-content\/uploads\/2023\/12\/img-1-150x150.png 150w\" sizes=\"(max-width: 192px) 100vw, 192px\" \/>\n                    <\/figure>\n\n                \n                <div class=\"team-text-container\">\n\n                    <h4 class=\"team-title mb-1 text-lg leading-6 font-medium uppercase\">Alessio Marino<\/h4>\n\n                    <p class=\"team-subtitle mb-4 text-sm text-dark-text leading-[18px] uppercase\">Manager general<\/p>\n\n                    <p class=\"team-desc mb-0 text-sm text-light-text leading-7\">Alessio Marino, \u00een calitate de director general, este dedicat \u00eembun\u0103t\u0103\u021birii satisfac\u021biei clien\u021bilor. Cu accent pe construirea de rela\u021bii puternice \u0219i \u00een\u021belegerea nevoilor clien\u021bilor, Alessio se asigur\u0103 c\u0103 serviciile noastre nu numai c\u0103 \u00eendeplinesc, ci dep\u0103\u0219esc a\u0219tept\u0103rile clien\u021bilor no\u0219tri valoro\u0219i.<\/p>\n\n                <\/div>\n\n            <\/div>\n\n        \n    <\/div>\n\n<\/div>\t\t<\/div>\n\t\t\t\t<\/div>\n\t\t\t\t\t<\/div>\n\t\t<\/div>\n\t\t\t\t\t<\/div>\n\t\t<\/section>\n\t\t<div class=\"elementor-element elementor-element-d788565 e-flex e-con-boxed e-con e-parent\" data-id=\"d788565\" data-element_type=\"container\">\n\t\t\t\t\t<div class=\"e-con-inner\">\n\t\t\t\t<div class=\"elementor-element elementor-element-274fb39 elementor-widget elementor-widget-tm_fancy_title\" data-id=\"274fb39\" data-element_type=\"widget\" data-widget_type=\"tm_fancy_title.default\">\n\t\t\t\t<div class=\"elementor-widget-container\">\n\t\t\t\n<div class=\"fancy-title-container\">\n    <h2 class=\"fancy-title font-semibold uppercase text-h2\">Contacta\u0163i-ne<\/h2>\n\n            <p class=\"fancy-desc text-light-text leading-7\">\n\n            Suntem mereu bucuro\u0219i s\u0103 discut\u0103m. O modalitate bun\u0103 de a telefona la noi aici.\n                            <a href=\"http:\/\/rentacarincyprus.com\/ro\/contacte\/\" target=\"_blank\" rel=\"nofollow\" class=\"inline-block underline-offset-8 font-medium\">\n                    Contacta\u0163i-ne                <\/a>\n            \n        <\/p>\n    \n<\/div>\t\t<\/div>\n\t\t\t\t<\/div>\n\t\t\t\t\t<\/div>\n\t\t\t\t<\/div>\n\t\t\t\t<\/div>","protected":false},"excerpt":{"rendered":"","protected":false},"author":3,"featured_media":0,"parent":0,"menu_order":0,"comment_status":"closed","ping_status":"closed","template":"elementor_header_footer","meta":{"footnotes":""},"yoast_head":"<!-- This site is optimized with the Yoast SEO Premium plugin v22.1 (Yoast SEO v22.9) - https:\/\/yoast.com\/wordpress\/plugins\/seo\/ -->\n<title>About our company - CAR RENTAL LARNACA CYPRUS<\/title>\n<meta name=\"description\" content=\"Car rental services in Larnaca provide reliable vehicles, affordable rates, and excellent customer support for a smoth trip.\" \/>\n<meta name=\"robots\" content=\"index, follow, max-snippet:-1, max-image-preview:large, max-video-preview:-1\" \/>\n<link rel=\"canonical\" href=\"https:\/\/rentacarincyprus.com\/ro\/despre-noi\/\" \/>\n<meta property=\"og:locale\" content=\"ro_RO\" \/>\n<meta property=\"og:type\" content=\"article\" \/>\n<meta property=\"og:title\" content=\"About our company\" \/>\n<meta property=\"og:description\" content=\"Car rental services in Larnaca provide reliable vehicles, affordable rates, and excellent customer support for a smoth trip.\" \/>\n<meta property=\"og:url\" content=\"https:\/\/rentacarincyprus.com\/ro\/despre-noi\/\" \/>\n<meta property=\"og:site_name\" content=\"CAR RENTAL LARNACA CYPRUS\" \/>\n<meta property=\"article:publisher\" content=\"https:\/\/www.facebook.com\/CarhireVeniceAirport\/\" \/>\n<meta property=\"article:modified_time\" content=\"2026-01-11T11:25:34+00:00\" \/>\n<meta name=\"twitter:card\" content=\"summary_large_image\" \/>\n<script type=\"application\/ld+json\" class=\"yoast-schema-graph\">{\"@context\":\"https:\/\/schema.org\",\"@graph\":[{\"@type\":\"WebPage\",\"@id\":\"https:\/\/rentacarincyprus.com\/car-rental-services-in-larnaca-offer-reliable-vehicles-competitive-prices-and-exceptional-customer-support-for-a-hassle-free-experience\/\",\"url\":\"https:\/\/rentacarincyprus.com\/car-rental-services-in-larnaca-offer-reliable-vehicles-competitive-prices-and-exceptional-customer-support-for-a-hassle-free-experience\/\",\"name\":\"About our company - CAR RENTAL LARNACA CYPRUS\",\"isPartOf\":{\"@id\":\"https:\/\/rentacarincyprus.com\/#website\"},\"datePublished\":\"2024-03-04T12:03:48+00:00\",\"dateModified\":\"2026-01-11T11:25:34+00:00\",\"description\":\"Car rental services in Larnaca provide reliable vehicles, affordable rates, and excellent customer support for a smoth trip.\",\"breadcrumb\":{\"@id\":\"https:\/\/rentacarincyprus.com\/car-rental-services-in-larnaca-offer-reliable-vehicles-competitive-prices-and-exceptional-customer-support-for-a-hassle-free-experience\/#breadcrumb\"},\"inLanguage\":\"ro-RO\",\"potentialAction\":[{\"@type\":\"ReadAction\",\"target\":[\"https:\/\/rentacarincyprus.com\/car-rental-services-in-larnaca-offer-reliable-vehicles-competitive-prices-and-exceptional-customer-support-for-a-hassle-free-experience\/\"]}]},{\"@type\":\"BreadcrumbList\",\"@id\":\"https:\/\/rentacarincyprus.com\/car-rental-services-in-larnaca-offer-reliable-vehicles-competitive-prices-and-exceptional-customer-support-for-a-hassle-free-experience\/#breadcrumb\",\"itemListElement\":[{\"@type\":\"ListItem\",\"position\":1,\"name\":\"Home\",\"item\":\"https:\/\/rentacarincyprus.com\/\"},{\"@type\":\"ListItem\",\"position\":2,\"name\":\"About our company\"}]},{\"@type\":\"WebSite\",\"@id\":\"https:\/\/rentacarincyprus.com\/#website\",\"url\":\"https:\/\/rentacarincyprus.com\/\",\"name\":\"Rent a car airport Treviso Venezia\",\"description\":\"CAR RENTAL LARNACA CYPRUS\",\"publisher\":{\"@id\":\"https:\/\/rentacarincyprus.com\/#organization\"},\"potentialAction\":[{\"@type\":\"SearchAction\",\"target\":{\"@type\":\"EntryPoint\",\"urlTemplate\":\"https:\/\/rentacarincyprus.com\/?s={search_term_string}\"},\"query-input\":\"required name=search_term_string\"}],\"inLanguage\":\"ro-RO\"},{\"@type\":\"Organization\",\"@id\":\"https:\/\/rentacarincyprus.com\/#organization\",\"name\":\"Rent a carTreviso\",\"url\":\"https:\/\/rentacarincyprus.com\/\",\"logo\":{\"@type\":\"ImageObject\",\"inLanguage\":\"ro-RO\",\"@id\":\"https:\/\/rentacarincyprus.com\/#\/schema\/logo\/image\/\",\"url\":\"\",\"contentUrl\":\"\",\"caption\":\"Rent a carTreviso\"},\"image\":{\"@id\":\"https:\/\/rentacarincyprus.com\/#\/schema\/logo\/image\/\"},\"sameAs\":[\"https:\/\/www.facebook.com\/CarhireVeniceAirport\/\",\"https:\/\/www.instagram.com\/rent_a_car_venice_airport\/\"]}]}<\/script>\n<!-- \/ Yoast SEO Premium plugin. -->","yoast_head_json":{"title":"About our company - CAR RENTAL LARNACA CYPRUS","description":"Car rental services in Larnaca provide reliable vehicles, affordable rates, and excellent customer support for a smoth trip.","robots":{"index":"index","follow":"follow","max-snippet":"max-snippet:-1","max-image-preview":"max-image-preview:large","max-video-preview":"max-video-preview:-1"},"canonical":"https:\/\/rentacarincyprus.com\/ro\/despre-noi\/","og_locale":"ro_RO","og_type":"article","og_title":"About our company","og_description":"Car rental services in Larnaca provide reliable vehicles, affordable rates, and excellent customer support for a smoth trip.","og_url":"https:\/\/rentacarincyprus.com\/ro\/despre-noi\/","og_site_name":"CAR RENTAL LARNACA CYPRUS","article_publisher":"https:\/\/www.facebook.com\/CarhireVeniceAirport\/","article_modified_time":"2026-01-11T11:25:34+00:00","twitter_card":"summary_large_image","schema":{"@context":"https:\/\/schema.org","@graph":[{"@type":"WebPage","@id":"https:\/\/rentacarincyprus.com\/car-rental-services-in-larnaca-offer-reliable-vehicles-competitive-prices-and-exceptional-customer-support-for-a-hassle-free-experience\/","url":"https:\/\/rentacarincyprus.com\/car-rental-services-in-larnaca-offer-reliable-vehicles-competitive-prices-and-exceptional-customer-support-for-a-hassle-free-experience\/","name":"About our company - CAR RENTAL LARNACA CYPRUS","isPartOf":{"@id":"https:\/\/rentacarincyprus.com\/#website"},"datePublished":"2024-03-04T12:03:48+00:00","dateModified":"2026-01-11T11:25:34+00:00","description":"Car rental services in Larnaca provide reliable vehicles, affordable rates, and excellent customer support for a smoth trip.","breadcrumb":{"@id":"https:\/\/rentacarincyprus.com\/car-rental-services-in-larnaca-offer-reliable-vehicles-competitive-prices-and-exceptional-customer-support-for-a-hassle-free-experience\/#breadcrumb"},"inLanguage":"ro-RO","potentialAction":[{"@type":"ReadAction","target":["https:\/\/rentacarincyprus.com\/car-rental-services-in-larnaca-offer-reliable-vehicles-competitive-prices-and-exceptional-customer-support-for-a-hassle-free-experience\/"]}]},{"@type":"BreadcrumbList","@id":"https:\/\/rentacarincyprus.com\/car-rental-services-in-larnaca-offer-reliable-vehicles-competitive-prices-and-exceptional-customer-support-for-a-hassle-free-experience\/#breadcrumb","itemListElement":[{"@type":"ListItem","position":1,"name":"Home","item":"https:\/\/rentacarincyprus.com\/"},{"@type":"ListItem","position":2,"name":"About our company"}]},{"@type":"WebSite","@id":"https:\/\/rentacarincyprus.com\/#website","url":"https:\/\/rentacarincyprus.com\/","name":"Rent a car airport Treviso Venezia","description":"CAR RENTAL LARNACA CYPRUS","publisher":{"@id":"https:\/\/rentacarincyprus.com\/#organization"},"potentialAction":[{"@type":"SearchAction","target":{"@type":"EntryPoint","urlTemplate":"https:\/\/rentacarincyprus.com\/?s={search_term_string}"},"query-input":"required name=search_term_string"}],"inLanguage":"ro-RO"},{"@type":"Organization","@id":"https:\/\/rentacarincyprus.com\/#organization","name":"Rent a carTreviso","url":"https:\/\/rentacarincyprus.com\/","logo":{"@type":"ImageObject","inLanguage":"ro-RO","@id":"https:\/\/rentacarincyprus.com\/#\/schema\/logo\/image\/","url":"","contentUrl":"","caption":"Rent a carTreviso"},"image":{"@id":"https:\/\/rentacarincyprus.com\/#\/schema\/logo\/image\/"},"sameAs":["https:\/\/www.facebook.com\/CarhireVeniceAirport\/","https:\/\/www.instagram.com\/rent_a_car_venice_airport\/"]}]}},"_links":{"self":[{"href":"https:\/\/rentacarincyprus.com\/ro\/wp-json\/wp\/v2\/pages\/1843"}],"collection":[{"href":"https:\/\/rentacarincyprus.com\/ro\/wp-json\/wp\/v2\/pages"}],"about":[{"href":"https:\/\/rentacarincyprus.com\/ro\/wp-json\/wp\/v2\/types\/page"}],"author":[{"embeddable":true,"href":"https:\/\/rentacarincyprus.com\/ro\/wp-json\/wp\/v2\/users\/3"}],"replies":[{"embeddable":true,"href":"https:\/\/rentacarincyprus.com\/ro\/wp-json\/wp\/v2\/comments?post=1843"}],"version-history":[{"count":134,"href":"https:\/\/rentacarincyprus.com\/ro\/wp-json\/wp\/v2\/pages\/1843\/revisions"}],"predecessor-version":[{"id":14507,"href":"https:\/\/rentacarincyprus.com\/ro\/wp-json\/wp\/v2\/pages\/1843\/revisions\/14507"}],"wp:attachment":[{"href":"https:\/\/rentacarincyprus.com\/ro\/wp-json\/wp\/v2\/media?parent=1843"}],"curies":[{"name":"wp","href":"https:\/\/api.w.org\/{rel}","templated":true}]}}