{"id":1852,"date":"2024-03-04T12:06:32","date_gmt":"2024-03-04T12:06:32","guid":{"rendered":"https:\/\/turbo.redq.io\/?page_id=1852"},"modified":"2024-06-30T11:39:59","modified_gmt":"2024-06-30T11:39:59","slug":"faq","status":"publish","type":"page","link":"https:\/\/rentacarincyprus.com\/ro\/intrebari-frecvente\/","title":{"rendered":"Faq"},"content":{"rendered":"<div data-elementor-type=\"wp-page\" data-elementor-id=\"1852\" class=\"elementor elementor-1852\" data-elementor-post-type=\"page\">\n\t\t\t\t\t\t<section class=\"elementor-section elementor-top-section elementor-element elementor-element-78a4237 elementor-section-full_width elementor-section-height-default elementor-section-height-default\" data-id=\"78a4237\" data-element_type=\"section\">\n\t\t\t\t\t\t<div class=\"elementor-container elementor-column-gap-no\">\n\t\t\t\t\t<div class=\"elementor-column elementor-col-100 elementor-top-column elementor-element elementor-element-0834cdb\" data-id=\"0834cdb\" data-element_type=\"column\">\n\t\t\t<div class=\"elementor-widget-wrap elementor-element-populated\">\n\t\t\t\t\t\t<div class=\"elementor-element elementor-element-4356646 elementor-widget elementor-widget-tm_fancy_title\" data-id=\"4356646\" data-element_type=\"widget\" data-widget_type=\"tm_fancy_title.default\">\n\t\t\t\t<div class=\"elementor-widget-container\">\n\t\t\t\n<div class=\"fancy-title-container\">\n    <h2 class=\"fancy-title font-semibold uppercase text-h2\">Cele mai frecvente \u00eentreb\u0103ri adresate companiei de \u00eenchirieri auto.<\/h2>\n\n            <p class=\"fancy-desc text-light-text leading-7\">\n\n            Aici pute\u021bi citi c\u00e2teva dintre \u00eentreb\u0103rile frecvente \u00eenainte de a \u00eenchiria o ma\u0219in\u0103.\n                            <a  class=\"inline-block underline-offset-8 font-medium\">\n                                    <\/a>\n            \n        <\/p>\n    \n<\/div>\t\t<\/div>\n\t\t\t\t<\/div>\n\t\t\t\t<div class=\"elementor-element elementor-element-839c320 elementor-widget elementor-widget-tm_tab\" data-id=\"839c320\" data-element_type=\"widget\" data-widget_type=\"tm_tab.default\">\n\t\t\t\t<div class=\"elementor-widget-container\">\n\t\t\t\n<div class=\"bg-bg-white px-6 md:px-7 py-8 md:py-12 shadow-main rounded-lg\">\n    <div class=\"grid md:grid-cols-3 grid-cols-1 w-full\">\n        <div class=\"col-span-1 mb-10 md:mb-0 [&>.active]:bg-dark-bg\">\n                                                            <button class=\"group flex bg-bg-white rounded-lg w-full h-12 py-4 px-4 my-2 items-center focus:outline-none active\" onclick=\"openTabs('tab-ff1c599')\">\n                    <div class=\"font-normal text-sm leading-6 text-light-text group-focus:font-medium group-focus:text-brand\">Ce acte sunt necesare pentru a \u00eenchiria o ma\u0219in\u0103?<\/div>\n                <\/button>\n                                                            <button class=\"group flex bg-bg-white rounded-lg w-full h-12 py-4 px-4 my-2 items-center focus:outline-none\" onclick=\"openTabs('tab-c056e9e')\">\n                    <div class=\"font-normal text-sm leading-6 text-light-text group-focus:font-medium group-focus:text-brand\">Exist\u0103 o limit\u0103 de v\u00e2rst\u0103 pentru \u00eenchirierea unei ma\u0219ini?<\/div>\n                <\/button>\n                                                            <button class=\"group flex bg-bg-white rounded-lg w-full h-12 py-4 px-4 my-2 items-center focus:outline-none\" onclick=\"openTabs('tab-40672ba')\">\n                    <div class=\"font-normal text-sm leading-6 text-light-text group-focus:font-medium group-focus:text-brand\">Ce tipuri de asigur\u0103ri sunt incluse \u00een tariful de \u00eenchiriere?<\/div>\n                <\/button>\n                                                            <button class=\"group flex bg-bg-white rounded-lg w-full h-12 py-4 px-4 my-2 items-center focus:outline-none\" onclick=\"openTabs('tab-b9e41b3')\">\n                    <div class=\"font-normal text-sm leading-6 text-light-text group-focus:font-medium group-focus:text-brand\">Care este politica de combustibil?<\/div>\n                <\/button>\n                                                            <button class=\"group flex bg-bg-white rounded-lg w-full h-12 py-4 px-4 my-2 items-center focus:outline-none\" onclick=\"openTabs('tab-7e37f62')\">\n                    <div class=\"font-normal text-sm leading-6 text-light-text group-focus:font-medium group-focus:text-brand\">Ce op\u021biuni de plat\u0103 sunt acceptate?<\/div>\n                <\/button>\n                                                            <button class=\"group flex bg-bg-white rounded-lg w-full h-12 py-4 px-4 my-2 items-center focus:outline-none\" onclick=\"openTabs('tab-ceb0cae')\">\n                    <div class=\"font-normal text-sm leading-6 text-light-text group-focus:font-medium group-focus:text-brand\">Pot \u00eenchiria o ma\u0219in\u0103 pentru altcineva?<\/div>\n                <\/button>\n                                                            <button class=\"group flex bg-bg-white rounded-lg w-full h-12 py-4 px-4 my-2 items-center focus:outline-none\" onclick=\"openTabs('tab-df4cd97')\">\n                    <div class=\"font-normal text-sm leading-6 text-light-text group-focus:font-medium group-focus:text-brand\">Ce echipament suplimentar poate fi \u00eenchiriat?<\/div>\n                <\/button>\n                                                            <button class=\"group flex bg-bg-white rounded-lg w-full h-12 py-4 px-4 my-2 items-center focus:outline-none\" onclick=\"openTabs('tab-b3501d9')\">\n                    <div class=\"font-normal text-sm leading-6 text-light-text group-focus:font-medium group-focus:text-brand\">Exist\u0103 reduceri sau oferte speciale disponibile?<\/div>\n                <\/button>\n                                                            <button class=\"group flex bg-bg-white rounded-lg w-full h-12 py-4 px-4 my-2 items-center focus:outline-none\" onclick=\"openTabs('tab-1013838')\">\n                    <div class=\"font-normal text-sm leading-6 text-light-text group-focus:font-medium group-focus:text-brand\">Care este politica de anulare a rezervarii?<\/div>\n                <\/button>\n                                                            <button class=\"group flex bg-bg-white rounded-lg w-full h-12 py-4 px-4 my-2 items-center focus:outline-none\" onclick=\"openTabs('tab-79d1e0c')\">\n                    <div class=\"font-normal text-sm leading-6 text-light-text group-focus:font-medium group-focus:text-brand\">Cum se calculeaz\u0103 depozitul \u0219i c\u00e2nd se returneaz\u0103?<\/div>\n                <\/button>\n                    <\/div>\n\n                                <div id=\"tab-ff1c599\" class=\"md:col-span-2 step-tab\" style=\"display:block\">\n                <div class=\"tab-content md:px-8\">\n                    <p>- Acte de identitate - (buletin, pasaport)<br \/>- Permis de conducere valabil<br \/>- Card de credit pentru depozit (nu \u00een toate cazurile)<\/p>                <\/div>\n            <\/div>\n                                <div id=\"tab-c056e9e\" class=\"md:col-span-2 step-tab\" style=\"display:none\">\n                <div class=\"tab-content md:px-8\">\n                    <p>- V\u00e2rsta minim\u0103 de \u00eenchiriere este de 23 de ani<br \/>- \u00cen unele cazuri, ma\u0219ina poate fi oferit\u0103 persoanei mai tinere cu asigurare suplimentar\u0103.<\/p>                <\/div>\n            <\/div>\n                                <div id=\"tab-40672ba\" class=\"md:col-span-2 step-tab\" style=\"display:none\">\n                <div class=\"tab-content md:px-8\">\n                    <p>- Asigurare de raspundere civila auto<br \/>- Asigurare de coliziune si furt<br \/>- Op\u021biuni suplimentare de asigurare, cum ar fi casco complet<\/p>                <\/div>\n            <\/div>\n                                <div id=\"tab-b9e41b3\" class=\"md:col-span-2 step-tab\" style=\"display:none\">\n                <div class=\"tab-content md:px-8\">\n                    <p>\"De obicei oferim un rezervor plin de combustibil. Cantitatea exact\u0103 de combustibil prezent\u0103 la momentul colect\u0103rii va fi not\u0103 \u00een contract, iar ma\u0219ina trebuie s\u0103 fie umplut\u0103 cu exact aceea\u0219i cantitate de combustibil prezent\u0103 la momentul colect\u0103rii.\"<\/p>                <\/div>\n            <\/div>\n                                <div id=\"tab-7e37f62\" class=\"md:col-span-2 step-tab\" style=\"display:none\">\n                <div class=\"tab-content md:px-8\">\n                    <p>- Carduri de credit\/debit<br \/>- Numerar<br \/>- Transfer bancar<\/p>                <\/div>\n            <\/div>\n                                <div id=\"tab-ceb0cae\" class=\"md:col-span-2 step-tab\" style=\"display:none\">\n                <div class=\"tab-content md:px-8\">\n                    <p>- Da, se poate, doar ca ambele persoane o s\u0103 aib\u0103 acelea\u0219i obliga\u021bii fa\u021b\u0103 de ma\u0219ina \u00eenchiriat\u0103<br \/>- Al doilea \u0219ofer trebuie s\u0103 aib\u0103, de asemenea, cel pu\u021bin 23 de ani \u0219i s\u0103 aib\u0103 un permis de conducere valabil cu minim 3 ani de experien\u021b\u0103<\/p>                <\/div>\n            <\/div>\n                                <div id=\"tab-df4cd97\" class=\"md:col-span-2 step-tab\" style=\"display:none\">\n                <div class=\"tab-content md:px-8\">\n                    <p>- GPS<br \/>- Scaune pentru copii<br \/>- Alte accesorii<\/p>                <\/div>\n            <\/div>\n                                <div id=\"tab-b3501d9\" class=\"md:col-span-2 step-tab\" style=\"display:none\">\n                <div class=\"tab-content md:px-8\">\n                    <p>- Toat\u0103 lumea poate primi o reducere la rezervarea online dac\u0103 are un cupon de reducere.<br \/>- Clien\u021bii permanen\u021bi beneficiaz\u0103 de o reducere \u00een func\u021bie de perioada solicitat\u0103 a ma\u0219inii de \u00eenchiriat.<\/p>                <\/div>\n            <\/div>\n                                <div id=\"tab-1013838\" class=\"md:col-span-2 step-tab\" style=\"display:none\">\n                <div class=\"tab-content md:px-8\">\n                    <p>- Pentru a anula rezervarea, nu este nevoie s\u0103 pl\u0103ti\u021bi penalit\u0103\u021bi, trebuie doar s\u0103 suna\u021bi la companie \u0219i s\u0103 anun\u021ba\u021bi anularea rezerv\u0103rii.<\/p><p>- Perioada minim\u0103 de anulare trebuie s\u0103 fie cu cel pu\u021bin 24 de ore \u00eenainte de ora indicat\u0103 \u00een rezervare pentru preluarea ma\u0219inii.<\/p>                <\/div>\n            <\/div>\n                                <div id=\"tab-79d1e0c\" class=\"md:col-span-2 step-tab\" style=\"display:none\">\n                <div class=\"tab-content md:px-8\">\n                    <p>- Garan\u021bia este o sum\u0103 de bani care se las\u0103 la semnarea contractului de c\u0103tre chiria\u0219. Suma depozitului se face independent de categoria ma\u0219inii alese.<\/p><p>- La returnarea ma\u0219inii c\u0103tre companie, depozitul se restituie integral chiria\u0219ului \u00een cazul \u00een care nu a cauzat nicio avarie autoturismului.<\/p>                <\/div>\n            <\/div>\n            <\/div>\n<\/div>\n\n\n<script>\n    function openTabs(tabId) {\n        \/\/ Remove the active class from all buttons and content\n        document.querySelectorAll('.group.flex').forEach(function(button) {\n            button.classList.remove('active');\n        });\n        document.querySelectorAll('.step-tab').forEach(function(content) {\n            content.style.display = 'none';\n        });\n\n        \/\/ Add the active class to the clicked button and show the corresponding content\n        document.getElementById(tabId).style.display = 'block';\n        document.querySelector('[onclick=\"openTabs(\\'' + tabId + '\\')\"]').classList.add('active');\n\n        \/\/ Update the URL with the current tab using the hash\n        window.location.hash = '#' + tabId;\n    }\n\n    \/\/ Check if an active tab exists in the URL on page load\n    window.addEventListener('DOMContentLoaded', function() {\n        var activeTab = window.location.hash;\n        if (activeTab) {\n            openTabs(activeTab.substring(1));\n        }\n    });\n<\/script>\t\t<\/div>\n\t\t\t\t<\/div>\n\t\t\t\t\t<\/div>\n\t\t<\/div>\n\t\t\t\t\t<\/div>\n\t\t<\/section>\n\t\t\t\t<\/div>","protected":false},"excerpt":{"rendered":"","protected":false},"author":3,"featured_media":0,"parent":0,"menu_order":0,"comment_status":"closed","ping_status":"closed","template":"","meta":{"footnotes":""},"yoast_head":"<!-- This site is optimized with the Yoast SEO Premium plugin v22.1 (Yoast SEO v22.9) - https:\/\/yoast.com\/wordpress\/plugins\/seo\/ -->\n<title>Faq - CAR RENTAL LARNACA CYPRUS<\/title>\n<meta name=\"robots\" content=\"index, follow, max-snippet:-1, max-image-preview:large, max-video-preview:-1\" \/>\n<link rel=\"canonical\" href=\"https:\/\/rentacarincyprus.com\/ro\/intrebari-frecvente\/\" \/>\n<meta property=\"og:locale\" content=\"ro_RO\" \/>\n<meta property=\"og:type\" content=\"article\" \/>\n<meta property=\"og:title\" content=\"Faq\" \/>\n<meta property=\"og:url\" content=\"https:\/\/rentacarincyprus.com\/ro\/intrebari-frecvente\/\" \/>\n<meta property=\"og:site_name\" content=\"CAR RENTAL LARNACA CYPRUS\" \/>\n<meta property=\"article:publisher\" content=\"https:\/\/www.facebook.com\/CarhireVeniceAirport\/\" \/>\n<meta property=\"article:modified_time\" content=\"2024-06-30T11:39:59+00:00\" \/>\n<meta name=\"twitter:card\" content=\"summary_large_image\" \/>\n<script type=\"application\/ld+json\" class=\"yoast-schema-graph\">{\"@context\":\"https:\/\/schema.org\",\"@graph\":[{\"@type\":\"WebPage\",\"@id\":\"https:\/\/rentacarincyprus.com\/faq\/\",\"url\":\"https:\/\/rentacarincyprus.com\/faq\/\",\"name\":\"Faq - CAR RENTAL LARNACA CYPRUS\",\"isPartOf\":{\"@id\":\"https:\/\/rentacarincyprus.com\/#website\"},\"datePublished\":\"2024-03-04T12:06:32+00:00\",\"dateModified\":\"2024-06-30T11:39:59+00:00\",\"breadcrumb\":{\"@id\":\"https:\/\/rentacarincyprus.com\/faq\/#breadcrumb\"},\"inLanguage\":\"ro-RO\",\"potentialAction\":[{\"@type\":\"ReadAction\",\"target\":[\"https:\/\/rentacarincyprus.com\/faq\/\"]}]},{\"@type\":\"BreadcrumbList\",\"@id\":\"https:\/\/rentacarincyprus.com\/faq\/#breadcrumb\",\"itemListElement\":[{\"@type\":\"ListItem\",\"position\":1,\"name\":\"Home\",\"item\":\"https:\/\/rentacarincyprus.com\/\"},{\"@type\":\"ListItem\",\"position\":2,\"name\":\"Faq\"}]},{\"@type\":\"WebSite\",\"@id\":\"https:\/\/rentacarincyprus.com\/#website\",\"url\":\"https:\/\/rentacarincyprus.com\/\",\"name\":\"Rent a car airport Treviso Venezia\",\"description\":\"CAR RENTAL LARNACA CYPRUS\",\"publisher\":{\"@id\":\"https:\/\/rentacarincyprus.com\/#organization\"},\"potentialAction\":[{\"@type\":\"SearchAction\",\"target\":{\"@type\":\"EntryPoint\",\"urlTemplate\":\"https:\/\/rentacarincyprus.com\/?s={search_term_string}\"},\"query-input\":\"required name=search_term_string\"}],\"inLanguage\":\"ro-RO\"},{\"@type\":\"Organization\",\"@id\":\"https:\/\/rentacarincyprus.com\/#organization\",\"name\":\"Rent a carTreviso\",\"url\":\"https:\/\/rentacarincyprus.com\/\",\"logo\":{\"@type\":\"ImageObject\",\"inLanguage\":\"ro-RO\",\"@id\":\"https:\/\/rentacarincyprus.com\/#\/schema\/logo\/image\/\",\"url\":\"\",\"contentUrl\":\"\",\"caption\":\"Rent a carTreviso\"},\"image\":{\"@id\":\"https:\/\/rentacarincyprus.com\/#\/schema\/logo\/image\/\"},\"sameAs\":[\"https:\/\/www.facebook.com\/CarhireVeniceAirport\/\",\"https:\/\/www.instagram.com\/rent_a_car_venice_airport\/\"]}]}<\/script>\n<!-- \/ Yoast SEO Premium plugin. -->","yoast_head_json":{"title":"Faq - CAR RENTAL LARNACA CYPRUS","robots":{"index":"index","follow":"follow","max-snippet":"max-snippet:-1","max-image-preview":"max-image-preview:large","max-video-preview":"max-video-preview:-1"},"canonical":"https:\/\/rentacarincyprus.com\/ro\/intrebari-frecvente\/","og_locale":"ro_RO","og_type":"article","og_title":"Faq","og_url":"https:\/\/rentacarincyprus.com\/ro\/intrebari-frecvente\/","og_site_name":"CAR RENTAL LARNACA CYPRUS","article_publisher":"https:\/\/www.facebook.com\/CarhireVeniceAirport\/","article_modified_time":"2024-06-30T11:39:59+00:00","twitter_card":"summary_large_image","schema":{"@context":"https:\/\/schema.org","@graph":[{"@type":"WebPage","@id":"https:\/\/rentacarincyprus.com\/faq\/","url":"https:\/\/rentacarincyprus.com\/faq\/","name":"Faq - CAR RENTAL LARNACA CYPRUS","isPartOf":{"@id":"https:\/\/rentacarincyprus.com\/#website"},"datePublished":"2024-03-04T12:06:32+00:00","dateModified":"2024-06-30T11:39:59+00:00","breadcrumb":{"@id":"https:\/\/rentacarincyprus.com\/faq\/#breadcrumb"},"inLanguage":"ro-RO","potentialAction":[{"@type":"ReadAction","target":["https:\/\/rentacarincyprus.com\/faq\/"]}]},{"@type":"BreadcrumbList","@id":"https:\/\/rentacarincyprus.com\/faq\/#breadcrumb","itemListElement":[{"@type":"ListItem","position":1,"name":"Home","item":"https:\/\/rentacarincyprus.com\/"},{"@type":"ListItem","position":2,"name":"Faq"}]},{"@type":"WebSite","@id":"https:\/\/rentacarincyprus.com\/#website","url":"https:\/\/rentacarincyprus.com\/","name":"Rent a car airport Treviso Venezia","description":"CAR RENTAL LARNACA CYPRUS","publisher":{"@id":"https:\/\/rentacarincyprus.com\/#organization"},"potentialAction":[{"@type":"SearchAction","target":{"@type":"EntryPoint","urlTemplate":"https:\/\/rentacarincyprus.com\/?s={search_term_string}"},"query-input":"required name=search_term_string"}],"inLanguage":"ro-RO"},{"@type":"Organization","@id":"https:\/\/rentacarincyprus.com\/#organization","name":"Rent a carTreviso","url":"https:\/\/rentacarincyprus.com\/","logo":{"@type":"ImageObject","inLanguage":"ro-RO","@id":"https:\/\/rentacarincyprus.com\/#\/schema\/logo\/image\/","url":"","contentUrl":"","caption":"Rent a carTreviso"},"image":{"@id":"https:\/\/rentacarincyprus.com\/#\/schema\/logo\/image\/"},"sameAs":["https:\/\/www.facebook.com\/CarhireVeniceAirport\/","https:\/\/www.instagram.com\/rent_a_car_venice_airport\/"]}]}},"_links":{"self":[{"href":"https:\/\/rentacarincyprus.com\/ro\/wp-json\/wp\/v2\/pages\/1852"}],"collection":[{"href":"https:\/\/rentacarincyprus.com\/ro\/wp-json\/wp\/v2\/pages"}],"about":[{"href":"https:\/\/rentacarincyprus.com\/ro\/wp-json\/wp\/v2\/types\/page"}],"author":[{"embeddable":true,"href":"https:\/\/rentacarincyprus.com\/ro\/wp-json\/wp\/v2\/users\/3"}],"replies":[{"embeddable":true,"href":"https:\/\/rentacarincyprus.com\/ro\/wp-json\/wp\/v2\/comments?post=1852"}],"version-history":[{"count":246,"href":"https:\/\/rentacarincyprus.com\/ro\/wp-json\/wp\/v2\/pages\/1852\/revisions"}],"predecessor-version":[{"id":14189,"href":"https:\/\/rentacarincyprus.com\/ro\/wp-json\/wp\/v2\/pages\/1852\/revisions\/14189"}],"wp:attachment":[{"href":"https:\/\/rentacarincyprus.com\/ro\/wp-json\/wp\/v2\/media?parent=1852"}],"curies":[{"name":"wp","href":"https:\/\/api.w.org\/{rel}","templated":true}]}}