{"id":2491,"date":"2024-03-04T12:00:57","date_gmt":"2024-03-04T12:00:57","guid":{"rendered":"http:\/\/turbo-reloaded.local\/?page_id=2285"},"modified":"2026-01-11T10:52:46","modified_gmt":"2026-01-11T10:52:46","slug":"rent-a-car-larnaca-airport","status":"publish","type":"page","link":"https:\/\/rentacarincyprus.com\/ro\/","title":{"rendered":"Rezerva\u021bi o ma\u0219in\u0103"},"content":{"rendered":"<div data-elementor-type=\"wp-page\" data-elementor-id=\"2491\" class=\"elementor elementor-2491\" data-elementor-post-type=\"page\">\n\t\t\t\t<div class=\"elementor-element elementor-element-68e5659 e-con-full e-flex e-con e-parent\" data-id=\"68e5659\" data-element_type=\"container\" data-settings=\"{&quot;background_background&quot;:&quot;classic&quot;}\">\n\t\t\t\t<div class=\"elementor-element elementor-element-410f6d0 elementor-widget elementor-widget-tm_search_banner\" data-id=\"410f6d0\" data-element_type=\"widget\" data-widget_type=\"tm_search_banner.default\">\n\t\t\t\t<div class=\"elementor-widget-container\">\n\t\t\t\n<div class='search-banner relative flex items-center justify-start group horizontal'>\n\n    <div class=\"form-container max-w-[560px] w-full relative z-20 group-[&.horizontal]:max-w-5xl\">\n\n        \n\n                <div class=\"horizontal-search-header search-layout-two\">\n                            <h3>\u00cenchirieri auto Larnaca Cipru<\/h3>\n                                        <p><div class=\"container\">\r\n  <img decoding=\"async\" class=\"icon\" src=\"http:\/\/rentacarincyprus.com\/wp-content\/uploads\/2024\/02\/no-creditcard.svg\" alt=\"no credit card\">\r\n  <span class=\"subtitle-home-search\">NU ESTE NECESAR CARTE DE CREDIT<\/span>\r\n<\/div><\/p>\n                    <\/div>\n        <div class=\"horizontal-search-body\">\n        <form class=\"inspect-home-search-form\" data-url=\"https:\/\/rentacarincyprus.com\/ro\/car-listing\/\" action=\"#\" data-trp-original-action=\"#\">\n            <input type=\"hidden\" class=\"hidden\" name=\"action\" value=\"inspect_helper_ajax\" \/>\n            <input type=\"hidden\" class=\"hidden\" name=\"action_type\" value=\"search\" \/>\n            <input type=\"hidden\" class=\"hidden product-order-by\" name=\"order_by\" value=\"title\" \/>\n            <input type=\"hidden\" class=\"hidden product-default-view\" name=\"view\" value=\"grid\" \/>\n\n            \n<div class=\"inspect-filter-widget inspect-filter-widget-pickup\">\n            <h2 class=\"inspect-filter-widget-title text-start\">Loca\u021bia Preluarii<\/h2>\n        <div class=\"checkbox-group flex flex-col\">\n        <select class=\"inspect-search-select\" name=\"tex_pickup_location\" data-placeholder=\"Select location\">\n            <option selected value=\"\">Select Pickup Location<\/option>\n                            <option value=\"larnaca-airport\">Aeroport Larnaca<\/option>\n                            <option value=\"larnaca-office\">Oficiu Larnaca<\/option>\n                    <\/select>\n    <\/div>\n<\/div>\n<div class=\"inspect-filter-widget inspect-filter-widget-dropoff\">\n            <h2 class=\"inspect-filter-widget-title text-start\">Loca\u021bia Returnarii<\/h2>\n        <div class=\"checkbox-group flex flex-col\">\n        <select class=\"inspect-search-select\" name=\"tex_return_location\" data-placeholder=\"Select location\" required>\n            <option selected value=\"\">Select DropOff Location<\/option>\n                            <option value=\"larnaca-airport\">Aeroport Larnaca<\/option>\n                            <option value=\"larnaca-office\">Oficiu Larnaca<\/option>\n                    <\/select>\n    <\/div>\n<\/div><input type=\"hiden\"  class=\"hidden\" id=\"daterange1\"  name=\"daterange\"  value=\"27\/04\/2026-30\/04\/2026\">\n<input type=\"hiden\"  class=\"hidden\" id=\"pickup_time\"  name=\"pickup_time\"  value=\"20_00 \">\n<input type=\"hiden\"  class=\"hidden\" id=\"dropoff_time\"  name=\"dropoff_time\"  value=\"20_00 \">\n\n<div class=\"inspect-filter-widget inspect-filter-widget-date newp\">\n    <h2 class=\"inspect-filter-widget-title text-start\">PICKUP DATE<\/h2>\n    <input id=\"pickup_date\" readonly name=\"pickup_date\" type=\"text\" placeholder=\"27\/04\/2026\">\n<\/div>\n<div class=\"inspect-filter-widget inspect-filter-widget-date newp\">\n    <h2 class=\"inspect-filter-widget-title text-start\">RETURN DATE<\/h2>\n    <input id=\"dropoff_date\" readonly name=\"dropoff_date\" type=\"text\" placeholder=\"30\/04\/2026\">\n<\/div>\n\n<style>\n    @media (min-width: 1024px) {\n        .search-banner.horizontal .inspect-home-search-form {\n            grid-template-columns: 1fr 1fr 1fr 1fr 140px!important;\n        }\n    }\n    .newp input {\n        padding: 0 13px!important;\n        line-height: 42px!important;\n    }\n    .xdsoft_datetimepicker .xdsoft_timepicker .xdsoft_time_box {\n        height: 250px!important;\n    }\n    @media (max-width: 1024px) {\n        body > .xdsoft_datetimepicker.xdsoft_noselect > .xdsoft_datepicker {\n            display: block!important;\n        }\n        .xdsoft_datetimepicker .xdsoft_datepicker {\n            width: 280px!important;\n        }\n    }\n    @media (max-width: 567px){\n        .xdsoft_datetimepicker .xdsoft_datepicker {\n            width: 215px!important;\n        }\n        .xdsoft_datetimepicker .xdsoft_timepicker .xdsoft_time_box {\n            height: 280px !important;\n        }\n    }\n<\/style>\n<link rel=\"stylesheet\" href=\"https:\/\/rentacarincyprus.com\/wp-content\/plugins\/turbo-manager\/assets\/css\/jquery.datetimepicker.css\" type=\"text\/css\" media=\"all\">\n<link rel=\"stylesheet\" href=\"https:\/\/rentacarincyprus.com\/wp-content\/plugins\/woocommerce-rental-and-booking\/assets\/css\/rental-style.css\" type=\"text\/css\" media=\"all\">\n<script src=\"https:\/\/rentacarincyprus.com\/wp-content\/plugins\/turbo-manager\/assets\/js\/jquery.datetimepicker.full.js\"><\/script>\n<script>\n   jQuery(function($) {\n        var pickupDate = $('#pickup_date');\n        var dropoffDate = $('#dropoff_date');\n        var currentDate = new Date();\n        var minPickupDate = new Date(currentDate);\n        minPickupDate.setDate(minPickupDate.getDate() + 1);\n        var minDropoffDate = new Date(currentDate);\n        minDropoffDate.setDate(minDropoffDate.getDate() + 4);\n\n        pickupDate.datetimepicker({\n            minDate: minPickupDate,\n            minDateTime: new Date(currentDate.getFullYear(), currentDate.getMonth(), currentDate.getDate() + 1, 1, 0, 0),\n            format: 'd\/m\/Y, H:i',\n            step: 30,\n            onSelectDate: function(ct, $input) {\n                minDropoffDate = new Date(ct);\n                minDropoffDate.setDate(minDropoffDate.getDate() + 3);\n                dropoffDate.datetimepicker('setOptions', { minDate: minDropoffDate });\n                dropoffDate.val(minDropoffDate.toLocaleDateString('it-IT', { day: '2-digit', month: '2-digit', year: 'numeric', hour: '2-digit', minute: '2-digit', hour12: false }));\n                dropoffDate.datetimepicker('setDate', minDropoffDate);\n                updateDateRange();\n            },\n            onChangeDateTime: function(ct, $input) {\n                minDropoffDate = new Date(ct);\n                minDropoffDate.setDate(minDropoffDate.getDate() + 3);\n                dropoffDate.datetimepicker('setOptions', { minDate: minDropoffDate });\n                dropoffDate.val(minDropoffDate.toLocaleDateString('it-IT', { day: '2-digit', month: '2-digit', year: 'numeric', hour: '2-digit', minute: '2-digit', hour12: false }));\n                dropoffDate.datetimepicker('setDate', minDropoffDate);\n                updateDateRange();\n            }\n        });\n\n        dropoffDate.datetimepicker({\n            minDate: minDropoffDate,\n            minDateTime: minDropoffDate,\n            format: 'd\/m\/Y, H:i',\n            step: 30,\n            onChangeDateTime: function(ct, $input) {\n                updateDateRange();\n            }\n        });\n\n        function updateDateRange() {\n            var pickupValue = pickupDate.val();\n            var dropoffValue = dropoffDate.val();\n            if (pickupValue && dropoffValue) {\n                var pickupTime = pickupValue.split(',');\n                var dropoffTime = dropoffValue.split(',');\n\n                var pickupFormattedTime = pickupTime[1].trim().replace(':', '_');\n                var dropoffFormattedTime = dropoffTime[1].trim().replace(':', '_');\n                $('#pickup_time').val(pickupFormattedTime);\n                $('#dropoff_time').val(dropoffFormattedTime);\n\n                var pickupDateOnly = pickupTime[0];\n                var dropoffDateOnly = dropoffTime[0];\n                $('#daterange1').val(pickupDateOnly + '-' + dropoffDateOnly);\n            }\n        }\n    });\n<\/script>            <div class=\"inspect-search-footer\">\n                <input type=\"submit\" class=\"submit-search\" name=\"send_search\" value=\"Caut\u0103\" \/>\n            <\/div>\n        <input type=\"hidden\" name=\"trp-form-language\" value=\"ro\"\/><\/form>\n    <\/div>\n   \n    <\/div>\n\n    <figure class=\"hidden lg:block absolute inset-0 z-10\">\n            <\/figure>\n\n<\/div>\n\n\n\t\t<\/div>\n\t\t\t\t<\/div>\n\t\t\t\t<div class=\"elementor-element elementor-element-75bfe4b elementor-hidden-desktop elementor-hidden-tablet elementor-widget elementor-widget-image\" data-id=\"75bfe4b\" data-element_type=\"widget\" data-widget_type=\"image.default\">\n\t\t\t\t<div class=\"elementor-widget-container\">\n\t\t\t<style>\/*! elementor - v3.22.0 - 17-06-2024 *\/\n.elementor-widget-image{text-align:center}.elementor-widget-image a{display:inline-block}.elementor-widget-image a img[src$=\".svg\"]{width:48px}.elementor-widget-image img{vertical-align:middle;display:inline-block}<\/style>\t\t\t\t\t\t\t\t\t\t<img fetchpriority=\"high\" decoding=\"async\" width=\"1380\" height=\"920\" src=\"https:\/\/rentacarincyprus.com\/wp-content\/uploads\/2024\/06\/rent-a-car-in-cyprus.avif\" class=\"attachment-full size-full wp-image-14260\" alt=\"\" srcset=\"https:\/\/rentacarincyprus.com\/wp-content\/uploads\/2024\/06\/rent-a-car-in-cyprus.avif 1380w, https:\/\/rentacarincyprus.com\/wp-content\/uploads\/2024\/06\/rent-a-car-in-cyprus-300x200.avif 300w, https:\/\/rentacarincyprus.com\/wp-content\/uploads\/2024\/06\/rent-a-car-in-cyprus-1024x683.avif 1024w, https:\/\/rentacarincyprus.com\/wp-content\/uploads\/2024\/06\/rent-a-car-in-cyprus-768x512.avif 768w, https:\/\/rentacarincyprus.com\/wp-content\/uploads\/2024\/06\/rent-a-car-in-cyprus-18x12.avif 18w, https:\/\/rentacarincyprus.com\/wp-content\/uploads\/2024\/06\/rent-a-car-in-cyprus-600x400.avif 600w\" sizes=\"(max-width: 1380px) 100vw, 1380px\" \/>\t\t\t\t\t\t\t\t\t\t\t\t\t<\/div>\n\t\t\t\t<\/div>\n\t\t\t\t<\/div>\n\t\t\t\t<section class=\"elementor-section elementor-top-section elementor-element elementor-element-276c4a7 elementor-section-full_width elementor-section-height-default elementor-section-height-default\" data-id=\"276c4a7\" data-element_type=\"section\">\n\t\t\t\t\t\t<div class=\"elementor-container elementor-column-gap-no\">\n\t\t\t\t\t<div class=\"elementor-column elementor-col-100 elementor-top-column elementor-element elementor-element-693c03e\" data-id=\"693c03e\" data-element_type=\"column\">\n\t\t\t<div class=\"elementor-widget-wrap elementor-element-populated\">\n\t\t\t\t\t\t<div class=\"elementor-element elementor-element-cad5910 elementor-widget elementor-widget-tm_fancy_title\" data-id=\"cad5910\" data-element_type=\"widget\" data-widget_type=\"tm_fancy_title.default\">\n\t\t\t\t<div class=\"elementor-widget-container\">\n\t\t\t\n<div class=\"fancy-title-container\">\n    <h2 class=\"fancy-title font-semibold uppercase text-h2\">REZERV\u0102-\u021aI MA\u0218INA CU C\u00c2Teva CLIC-URI<\/h2>\n\n            <p class=\"fancy-desc text-light-text leading-7\">\n\n            Pute\u021bi anula sau modifica rezervarea ma\u0219inii \u00een orice moment, gratuit.\n                            <a  class=\"inline-block underline-offset-8 font-medium\">\n                                    <\/a>\n            \n        <\/p>\n    \n<\/div>\t\t<\/div>\n\t\t\t\t<\/div>\n\t\t\t\t<div class=\"elementor-element elementor-element-33bd8d2 elementor-widget elementor-widget-tm_workflow\" data-id=\"33bd8d2\" data-element_type=\"widget\" data-widget_type=\"tm_workflow.default\">\n\t\t\t\t<div class=\"elementor-widget-container\">\n\t\t\t\n<div class=\"lg:container mx-auto px-4 layout-features\">\n    <div class=\"grid grid-cols-1 sm:grid-cols-2 2xl:grid-cols-4 gap-5 sm:gap-8 2xl:gap-x-10 3xl:gap-16\">\n                    <div class=\"wf_card flex flex-wrap lg:flex-nowrap lg:items-center gap-2 3xl:gap-7 text-center sm:text-start\">\n                                    <figure class=\"icon_bg rounded-2xl 2xl:rounded-[32px] w-12 lg:w-20 2xl:w-32 mx-auto sm:m-0\">\n                                            <\/figure>\n                                <div>\n                    <h2 class=\"wf_title text-base lg:text-lg font-semibold uppercase text-brand\">Selecta\u021bi data \u0219i ora<\/h2>\n                    <p class=\"wf_content mt-1 2xl:mt-3 text-sm text-light-text mb-0 leading-loose\">Selecta\u021bi data, ora \u0219i loca\u021bia de preluare a ma\u0219inii.<\/p>\n                <\/div>\n            <\/div>\n                    <div class=\"wf_card flex flex-wrap lg:flex-nowrap lg:items-center gap-2 3xl:gap-7 text-center sm:text-start\">\n                                    <figure class=\"icon_bg rounded-2xl 2xl:rounded-[32px] w-12 lg:w-20 2xl:w-32 mx-auto sm:m-0\">\n                                            <\/figure>\n                                <div>\n                    <h2 class=\"wf_title text-base lg:text-lg font-semibold uppercase text-brand\">Alege categoria dorit\u0103<\/h2>\n                    <p class=\"wf_content mt-1 2xl:mt-3 text-sm text-light-text mb-0 leading-loose\">Alege\u021bi categoria de ma\u0219ini, economic\u0103 sau lux, transmisie automat\u0103 sau manual\u0103.<\/p>\n                <\/div>\n            <\/div>\n                    <div class=\"wf_card flex flex-wrap lg:flex-nowrap lg:items-center gap-2 3xl:gap-7 text-center sm:text-start\">\n                                    <figure class=\"icon_bg rounded-2xl 2xl:rounded-[32px] w-12 lg:w-20 2xl:w-32 mx-auto sm:m-0\">\n                                            <\/figure>\n                                <div>\n                    <h2 class=\"wf_title text-base lg:text-lg font-semibold uppercase text-brand\">Introduce\u021bi detaliile \u0219oferului<\/h2>\n                    <p class=\"wf_content mt-1 2xl:mt-3 text-sm text-light-text mb-0 leading-loose\">Introduce\u021bi numele \u0219i prenumele \u0219oferului, datele de contact \u0219i num\u0103rul zborului.<\/p>\n                <\/div>\n            <\/div>\n                    <div class=\"wf_card flex flex-wrap lg:flex-nowrap lg:items-center gap-2 3xl:gap-7 text-center sm:text-start\">\n                                    <figure class=\"icon_bg rounded-2xl 2xl:rounded-[32px] w-12 lg:w-20 2xl:w-32 mx-auto sm:m-0\">\n                                            <\/figure>\n                                <div>\n                    <h2 class=\"wf_title text-base lg:text-lg font-semibold uppercase text-brand\">Confirma\u021bi rezervarea<\/h2>\n                    <p class=\"wf_content mt-1 2xl:mt-3 text-sm text-light-text mb-0 leading-loose\">Ave\u021bi posibilitatea de a alege o metod\u0103 de plat\u0103, pute\u021bi pl\u0103ti cu cardul de credit sau debit, sau pute\u021bi pl\u0103ti direct la birou \u00een numerar.<\/p>\n                <\/div>\n            <\/div>\n            <\/div>\n<\/div>\t\t<\/div>\n\t\t\t\t<\/div>\n\t\t\t\t\t<\/div>\n\t\t<\/div>\n\t\t\t\t\t<\/div>\n\t\t<\/section>\n\t\t\t\t<section class=\"elementor-section elementor-top-section elementor-element elementor-element-a03ccab elementor-section-boxed elementor-section-height-default elementor-section-height-default\" data-id=\"a03ccab\" data-element_type=\"section\">\n\t\t\t\t\t\t<div class=\"elementor-container elementor-column-gap-no\">\n\t\t\t\t\t<div class=\"elementor-column elementor-col-100 elementor-top-column elementor-element elementor-element-6bbf744\" data-id=\"6bbf744\" data-element_type=\"column\">\n\t\t\t<div class=\"elementor-widget-wrap elementor-element-populated\">\n\t\t\t\t\t\t<div class=\"elementor-element elementor-element-63628b5 elementor-widget elementor-widget-tm_fancy_title\" data-id=\"63628b5\" data-element_type=\"widget\" data-widget_type=\"tm_fancy_title.default\">\n\t\t\t\t<div class=\"elementor-widget-container\">\n\t\t\t\n<div class=\"fancy-title-container\">\n    <h2 class=\"fancy-title font-semibold uppercase text-h2\">CE PO\u021aI FACE CU O MA\u0218IN\u0102 \u00ceN CHIRIE \u00ceN CIPRU<\/h2>\n\n            <p class=\"fancy-desc text-light-text leading-7\">\n\n            V\u0103 recomand\u0103m s\u0103 vizita\u021bi locuri frumoase din Cipru cu o ma\u0219in\u0103 \u00een chirie de la noi.\n                            <a  class=\"inline-block underline-offset-8 font-medium\">\n                                    <\/a>\n            \n        <\/p>\n    \n<\/div>\t\t<\/div>\n\t\t\t\t<\/div>\n\t\t\t\t<div class=\"elementor-element elementor-element-fbdbd1e elementor-widget elementor-widget-tm_post_grid\" data-id=\"fbdbd1e\" data-element_type=\"widget\" data-widget_type=\"tm_post_grid.default\">\n\t\t\t\t<div class=\"elementor-widget-container\">\n\t\t\t\n<div class=\"mx-auto w-full px-4 lg:container layout-grid\">\n    <div class=\"grid grid-cols-1 sm:grid-cols-2 lg:grid-cols-3 gap-5 gap-y-8 xl:gap-8\">\n                    <div class=\"post-card group relative block rounded-lg bg-bg-white\">\n                <a href=\"https:\/\/rentacarincyprus.com\/ro\/masini-cu-transmisie-automata\/\" aria-label='post view'>\n                    <figure class=\"relative overflow-hidden rounded-[10px] !mb-5 aspect-[507\/300]\">\n                        <img loading=\"lazy\" decoding=\"async\" width=\"449\" height=\"300\" src=\"https:\/\/rentacarincyprus.com\/wp-content\/uploads\/2024\/03\/0-02-05-3c8a89719f39835c161b86f5043c137d7d558b31ab502455b740c81666c8f27c_1e4723d37e684834.jpg\" class=\"w-full !h-full object-cover transition-transform duration-300 ease-in-out group-hover:scale-105 wp-post-image\" alt=\"post image\" srcset=\"https:\/\/rentacarincyprus.com\/wp-content\/uploads\/2024\/03\/0-02-05-3c8a89719f39835c161b86f5043c137d7d558b31ab502455b740c81666c8f27c_1e4723d37e684834.jpg 1031w, https:\/\/rentacarincyprus.com\/wp-content\/uploads\/2024\/03\/0-02-05-3c8a89719f39835c161b86f5043c137d7d558b31ab502455b740c81666c8f27c_1e4723d37e684834-300x200.jpg 300w, https:\/\/rentacarincyprus.com\/wp-content\/uploads\/2024\/03\/0-02-05-3c8a89719f39835c161b86f5043c137d7d558b31ab502455b740c81666c8f27c_1e4723d37e684834-1024x684.jpg 1024w, https:\/\/rentacarincyprus.com\/wp-content\/uploads\/2024\/03\/0-02-05-3c8a89719f39835c161b86f5043c137d7d558b31ab502455b740c81666c8f27c_1e4723d37e684834-768x513.jpg 768w, https:\/\/rentacarincyprus.com\/wp-content\/uploads\/2024\/03\/0-02-05-3c8a89719f39835c161b86f5043c137d7d558b31ab502455b740c81666c8f27c_1e4723d37e684834-18x12.jpg 18w, https:\/\/rentacarincyprus.com\/wp-content\/uploads\/2024\/03\/0-02-05-3c8a89719f39835c161b86f5043c137d7d558b31ab502455b740c81666c8f27c_1e4723d37e684834-600x401.jpg 600w\" sizes=\"(max-width: 449px) 100vw, 449px\" \/>                    <\/figure>\n                <\/a>\n                <div>\n                    <p class=\"post_date mb-1 text-sm font-medium text-paragraph-primary\">March 4, 2024<\/p>\n                    <h2 class=\"post-title mb-3 block text-sm font-medium transition hover:text-dark-text pt-2 text-brand uppercase xl:text-lg\">\n                        <a href=\"https:\/\/rentacarincyprus.com\/ro\/masini-cu-transmisie-automata\/\">Cu masina in chirie de la noi, ajungeti la destinatia M\u0103n\u0103stirile Kykkos din Mun\u021bii Troodos.<\/a>\n                    <\/h2>\n                    <a class=\"post-link flex items-center gap-2 font-medium\" href=\"https:\/\/rentacarincyprus.com\/ro\/masini-cu-transmisie-automata\/\">\n                        Cite\u015fte mai mult                        <svg class=\"group-hover:translate-x-1 rtl:group-hover:-translate-x-1 rtl:rotate-180 transition-transform duration-200\" width=\"12\" height=\"12\" viewbox=\"0 0 12 12\" fill=\"none\" xmlns=\"http:\/\/www.w3.org\/2000\/svg\">\n                            <path d=\"M6.38625 10.2275L11 5.61375L6.38625 1\" stroke=\"currentColor\" stroke-width=\"1.8\" stroke-linecap=\"round\" stroke-linejoin=\"round\" \/>\n                            <path d=\"M10.3555 5.61377H0.999812\" stroke=\"currentColor\" stroke-width=\"1.8\" stroke-linecap=\"round\" stroke-linejoin=\"round\" \/>\n                        <\/svg>\n                    <\/a>\n                <\/div>\n            <\/div>\n                    <div class=\"post-card group relative block rounded-lg bg-bg-white\">\n                <a href=\"https:\/\/rentacarincyprus.com\/ro\/chirie-auto-999\/\" aria-label='post view'>\n                    <figure class=\"relative overflow-hidden rounded-[10px] !mb-5 aspect-[507\/300]\">\n                        <img loading=\"lazy\" decoding=\"async\" width=\"507\" height=\"254\" src=\"https:\/\/rentacarincyprus.com\/wp-content\/uploads\/2024\/03\/0-02-05-0fef81b4dbd8b65e6428a94530fe27d22169b06530766584f76ec562ba19f69d_5b2edc2c12e1ede7.jpg\" class=\"w-full !h-full object-cover transition-transform duration-300 ease-in-out group-hover:scale-105 wp-post-image\" alt=\"post image\" srcset=\"https:\/\/rentacarincyprus.com\/wp-content\/uploads\/2024\/03\/0-02-05-0fef81b4dbd8b65e6428a94530fe27d22169b06530766584f76ec562ba19f69d_5b2edc2c12e1ede7.jpg 1600w, https:\/\/rentacarincyprus.com\/wp-content\/uploads\/2024\/03\/0-02-05-0fef81b4dbd8b65e6428a94530fe27d22169b06530766584f76ec562ba19f69d_5b2edc2c12e1ede7-300x150.jpg 300w, https:\/\/rentacarincyprus.com\/wp-content\/uploads\/2024\/03\/0-02-05-0fef81b4dbd8b65e6428a94530fe27d22169b06530766584f76ec562ba19f69d_5b2edc2c12e1ede7-1024x512.jpg 1024w, https:\/\/rentacarincyprus.com\/wp-content\/uploads\/2024\/03\/0-02-05-0fef81b4dbd8b65e6428a94530fe27d22169b06530766584f76ec562ba19f69d_5b2edc2c12e1ede7-768x384.jpg 768w, https:\/\/rentacarincyprus.com\/wp-content\/uploads\/2024\/03\/0-02-05-0fef81b4dbd8b65e6428a94530fe27d22169b06530766584f76ec562ba19f69d_5b2edc2c12e1ede7-1536x768.jpg 1536w, https:\/\/rentacarincyprus.com\/wp-content\/uploads\/2024\/03\/0-02-05-0fef81b4dbd8b65e6428a94530fe27d22169b06530766584f76ec562ba19f69d_5b2edc2c12e1ede7-18x9.jpg 18w, https:\/\/rentacarincyprus.com\/wp-content\/uploads\/2024\/03\/0-02-05-0fef81b4dbd8b65e6428a94530fe27d22169b06530766584f76ec562ba19f69d_5b2edc2c12e1ede7-600x300.jpg 600w\" sizes=\"(max-width: 507px) 100vw, 507px\" \/>                    <\/figure>\n                <\/a>\n                <div>\n                    <p class=\"post_date mb-1 text-sm font-medium text-paragraph-primary\">March 4, 2024<\/p>\n                    <h2 class=\"post-title mb-3 block text-sm font-medium transition hover:text-dark-text pt-2 text-brand uppercase xl:text-lg\">\n                        <a href=\"https:\/\/rentacarincyprus.com\/ro\/chirie-auto-999\/\">Vizita\u021bi frumoasa loca\u021bie Mys Greko (Ayia-Napa) cu auto ieftin in chirie \u00een Cipru<\/a>\n                    <\/h2>\n                    <a class=\"post-link flex items-center gap-2 font-medium\" href=\"https:\/\/rentacarincyprus.com\/ro\/chirie-auto-999\/\">\n                        Cite\u015fte mai mult                        <svg class=\"group-hover:translate-x-1 rtl:group-hover:-translate-x-1 rtl:rotate-180 transition-transform duration-200\" width=\"12\" height=\"12\" viewbox=\"0 0 12 12\" fill=\"none\" xmlns=\"http:\/\/www.w3.org\/2000\/svg\">\n                            <path d=\"M6.38625 10.2275L11 5.61375L6.38625 1\" stroke=\"currentColor\" stroke-width=\"1.8\" stroke-linecap=\"round\" stroke-linejoin=\"round\" \/>\n                            <path d=\"M10.3555 5.61377H0.999812\" stroke=\"currentColor\" stroke-width=\"1.8\" stroke-linecap=\"round\" stroke-linejoin=\"round\" \/>\n                        <\/svg>\n                    <\/a>\n                <\/div>\n            <\/div>\n                    <div class=\"post-card group relative block rounded-lg bg-bg-white\">\n                <a href=\"https:\/\/rentacarincyprus.com\/ro\/avantajele-inchirierii-unei-masini-in-republica-moldova\/\" aria-label='post view'>\n                    <figure class=\"relative overflow-hidden rounded-[10px] !mb-5 aspect-[507\/300]\">\n                        <img loading=\"lazy\" decoding=\"async\" width=\"450\" height=\"300\" src=\"https:\/\/rentacarincyprus.com\/wp-content\/uploads\/2024\/03\/0-02-05-5d3374230e3406102e1c45419f8db9937491d95080deeb0ff0a7fe047d17298b_7e180afa52ec1e2d.jpg\" class=\"w-full !h-full object-cover transition-transform duration-300 ease-in-out group-hover:scale-105 wp-post-image\" alt=\"post image\" srcset=\"https:\/\/rentacarincyprus.com\/wp-content\/uploads\/2024\/03\/0-02-05-5d3374230e3406102e1c45419f8db9937491d95080deeb0ff0a7fe047d17298b_7e180afa52ec1e2d.jpg 1600w, https:\/\/rentacarincyprus.com\/wp-content\/uploads\/2024\/03\/0-02-05-5d3374230e3406102e1c45419f8db9937491d95080deeb0ff0a7fe047d17298b_7e180afa52ec1e2d-300x200.jpg 300w, https:\/\/rentacarincyprus.com\/wp-content\/uploads\/2024\/03\/0-02-05-5d3374230e3406102e1c45419f8db9937491d95080deeb0ff0a7fe047d17298b_7e180afa52ec1e2d-1024x682.jpg 1024w, https:\/\/rentacarincyprus.com\/wp-content\/uploads\/2024\/03\/0-02-05-5d3374230e3406102e1c45419f8db9937491d95080deeb0ff0a7fe047d17298b_7e180afa52ec1e2d-768x512.jpg 768w, https:\/\/rentacarincyprus.com\/wp-content\/uploads\/2024\/03\/0-02-05-5d3374230e3406102e1c45419f8db9937491d95080deeb0ff0a7fe047d17298b_7e180afa52ec1e2d-1536x1023.jpg 1536w, https:\/\/rentacarincyprus.com\/wp-content\/uploads\/2024\/03\/0-02-05-5d3374230e3406102e1c45419f8db9937491d95080deeb0ff0a7fe047d17298b_7e180afa52ec1e2d-18x12.jpg 18w, https:\/\/rentacarincyprus.com\/wp-content\/uploads\/2024\/03\/0-02-05-5d3374230e3406102e1c45419f8db9937491d95080deeb0ff0a7fe047d17298b_7e180afa52ec1e2d-600x400.jpg 600w\" sizes=\"(max-width: 450px) 100vw, 450px\" \/>                    <\/figure>\n                <\/a>\n                <div>\n                    <p class=\"post_date mb-1 text-sm font-medium text-paragraph-primary\">March 4, 2024<\/p>\n                    <h2 class=\"post-title mb-3 block text-sm font-medium transition hover:text-dark-text pt-2 text-brand uppercase xl:text-lg\">\n                        <a href=\"https:\/\/rentacarincyprus.com\/ro\/avantajele-inchirierii-unei-masini-in-republica-moldova\/\">Pute\u021bi ajunge la destina\u021bia romantic\u0103 Lovers\u2019 Bridge (Ayia Napa) cu o ma\u0219in\u0103 \u00een chirie de la compania noastr\u0103.<\/a>\n                    <\/h2>\n                    <a class=\"post-link flex items-center gap-2 font-medium\" href=\"https:\/\/rentacarincyprus.com\/ro\/avantajele-inchirierii-unei-masini-in-republica-moldova\/\">\n                        Cite\u015fte mai mult                        <svg class=\"group-hover:translate-x-1 rtl:group-hover:-translate-x-1 rtl:rotate-180 transition-transform duration-200\" width=\"12\" height=\"12\" viewbox=\"0 0 12 12\" fill=\"none\" xmlns=\"http:\/\/www.w3.org\/2000\/svg\">\n                            <path d=\"M6.38625 10.2275L11 5.61375L6.38625 1\" stroke=\"currentColor\" stroke-width=\"1.8\" stroke-linecap=\"round\" stroke-linejoin=\"round\" \/>\n                            <path d=\"M10.3555 5.61377H0.999812\" stroke=\"currentColor\" stroke-width=\"1.8\" stroke-linecap=\"round\" stroke-linejoin=\"round\" \/>\n                        <\/svg>\n                    <\/a>\n                <\/div>\n            <\/div>\n            <\/div>\n    <\/div>\t\t<\/div>\n\t\t\t\t<\/div>\n\t\t\t\t\t<\/div>\n\t\t<\/div>\n\t\t\t\t\t<\/div>\n\t\t<\/section>\n\t\t<div class=\"elementor-element elementor-element-5ca8b1e e-flex e-con-boxed e-con e-parent\" data-id=\"5ca8b1e\" data-element_type=\"container\" data-settings=\"{&quot;background_background&quot;:&quot;classic&quot;}\">\n\t\t\t\t\t<div class=\"e-con-inner\">\n\t\t\t\t<div class=\"elementor-element elementor-element-8c222af elementor-widget elementor-widget-tm_fancy_title\" data-id=\"8c222af\" data-element_type=\"widget\" data-widget_type=\"tm_fancy_title.default\">\n\t\t\t\t<div class=\"elementor-widget-container\">\n\t\t\t\n<div class=\"fancy-title-container\">\n    <h2 class=\"fancy-title font-semibold uppercase text-h2\">Partenerii no\u0219tri<\/h2>\n\n    \n<\/div>\t\t<\/div>\n\t\t\t\t<\/div>\n\t\t<div class=\"elementor-element elementor-element-827124a e-flex e-con-boxed e-con e-child\" data-id=\"827124a\" data-element_type=\"container\">\n\t\t\t\t\t<div class=\"e-con-inner\">\n\t\t<div class=\"elementor-element elementor-element-7eeea03 e-con-full e-flex e-con e-child\" data-id=\"7eeea03\" data-element_type=\"container\">\n\t\t\t\t<div class=\"elementor-element elementor-element-891ba70 elementor-widget elementor-widget-image\" data-id=\"891ba70\" data-element_type=\"widget\" data-widget_type=\"image.default\">\n\t\t\t\t<div class=\"elementor-widget-container\">\n\t\t\t\t\t\t\t\t\t\t\t\t\t<img decoding=\"async\" width=\"512\" height=\"512\" src=\"https:\/\/rentacarincyprus.com\/wp-content\/uploads\/2024\/02\/visa-master.png\" class=\"attachment-full size-full wp-image-11591\" alt=\"auto in chirie Chisinau\" srcset=\"https:\/\/rentacarincyprus.com\/wp-content\/uploads\/2024\/02\/visa-master.png 512w, https:\/\/rentacarincyprus.com\/wp-content\/uploads\/2024\/02\/visa-master-300x300.png 300w, https:\/\/rentacarincyprus.com\/wp-content\/uploads\/2024\/02\/visa-master-150x150.png 150w, https:\/\/rentacarincyprus.com\/wp-content\/uploads\/2024\/02\/visa-master-12x12.png 12w, https:\/\/rentacarincyprus.com\/wp-content\/uploads\/2024\/02\/visa-master-100x100.png 100w\" sizes=\"(max-width: 512px) 100vw, 512px\" \/>\t\t\t\t\t\t\t\t\t\t\t\t\t<\/div>\n\t\t\t\t<\/div>\n\t\t\t\t<\/div>\n\t\t<div class=\"elementor-element elementor-element-e2554e8 e-con-full e-flex e-con e-child\" data-id=\"e2554e8\" data-element_type=\"container\">\n\t\t\t\t<div class=\"elementor-element elementor-element-6ed6d59 elementor-widget elementor-widget-image\" data-id=\"6ed6d59\" data-element_type=\"widget\" data-widget_type=\"image.default\">\n\t\t\t\t<div class=\"elementor-widget-container\">\n\t\t\t\t\t\t\t\t\t\t\t\t\t<img decoding=\"async\" width=\"512\" height=\"512\" src=\"https:\/\/rentacarincyprus.com\/wp-content\/uploads\/2024\/02\/airbnb.png\" class=\"attachment-full size-full wp-image-11592\" alt=\"auto in chirie Chisinau\" srcset=\"https:\/\/rentacarincyprus.com\/wp-content\/uploads\/2024\/02\/airbnb.png 512w, https:\/\/rentacarincyprus.com\/wp-content\/uploads\/2024\/02\/airbnb-300x300.png 300w, https:\/\/rentacarincyprus.com\/wp-content\/uploads\/2024\/02\/airbnb-150x150.png 150w, https:\/\/rentacarincyprus.com\/wp-content\/uploads\/2024\/02\/airbnb-12x12.png 12w, https:\/\/rentacarincyprus.com\/wp-content\/uploads\/2024\/02\/airbnb-100x100.png 100w\" sizes=\"(max-width: 512px) 100vw, 512px\" \/>\t\t\t\t\t\t\t\t\t\t\t\t\t<\/div>\n\t\t\t\t<\/div>\n\t\t\t\t<\/div>\n\t\t<div class=\"elementor-element elementor-element-758b679 e-con-full e-flex e-con e-child\" data-id=\"758b679\" data-element_type=\"container\">\n\t\t\t\t<div class=\"elementor-element elementor-element-cefd9f1 elementor-widget elementor-widget-image\" data-id=\"cefd9f1\" data-element_type=\"widget\" data-widget_type=\"image.default\">\n\t\t\t\t<div class=\"elementor-widget-container\">\n\t\t\t\t\t\t\t\t\t\t\t\t\t<img loading=\"lazy\" decoding=\"async\" width=\"512\" height=\"512\" src=\"https:\/\/rentacarincyprus.com\/wp-content\/uploads\/2024\/02\/paypal.png\" class=\"attachment-full size-full wp-image-11593\" alt=\"\" srcset=\"https:\/\/rentacarincyprus.com\/wp-content\/uploads\/2024\/02\/paypal.png 512w, https:\/\/rentacarincyprus.com\/wp-content\/uploads\/2024\/02\/paypal-300x300.png 300w, https:\/\/rentacarincyprus.com\/wp-content\/uploads\/2024\/02\/paypal-150x150.png 150w, https:\/\/rentacarincyprus.com\/wp-content\/uploads\/2024\/02\/paypal-12x12.png 12w, https:\/\/rentacarincyprus.com\/wp-content\/uploads\/2024\/02\/paypal-100x100.png 100w\" sizes=\"(max-width: 512px) 100vw, 512px\" \/>\t\t\t\t\t\t\t\t\t\t\t\t\t<\/div>\n\t\t\t\t<\/div>\n\t\t\t\t<\/div>\n\t\t<div class=\"elementor-element elementor-element-8f6ef82 e-con-full e-flex e-con e-child\" data-id=\"8f6ef82\" data-element_type=\"container\">\n\t\t\t\t<div class=\"elementor-element elementor-element-cb36c8d elementor-widget elementor-widget-image\" data-id=\"cb36c8d\" data-element_type=\"widget\" data-widget_type=\"image.default\">\n\t\t\t\t<div class=\"elementor-widget-container\">\n\t\t\t\t\t\t\t\t\t\t\t\t\t<img loading=\"lazy\" decoding=\"async\" width=\"200\" height=\"200\" src=\"https:\/\/rentacarincyprus.com\/wp-content\/uploads\/2024\/05\/descarcare-2.jpg\" class=\"attachment-full size-full wp-image-13567\" alt=\"\" srcset=\"https:\/\/rentacarincyprus.com\/wp-content\/uploads\/2024\/05\/descarcare-2.jpg 200w, https:\/\/rentacarincyprus.com\/wp-content\/uploads\/2024\/05\/descarcare-2-150x150.jpg 150w, https:\/\/rentacarincyprus.com\/wp-content\/uploads\/2024\/05\/descarcare-2-12x12.jpg 12w, https:\/\/rentacarincyprus.com\/wp-content\/uploads\/2024\/05\/descarcare-2-100x100.jpg 100w\" sizes=\"(max-width: 200px) 100vw, 200px\" \/>\t\t\t\t\t\t\t\t\t\t\t\t\t<\/div>\n\t\t\t\t<\/div>\n\t\t\t\t<\/div>\n\t\t<div class=\"elementor-element elementor-element-0044ba5 e-con-full e-flex e-con e-child\" data-id=\"0044ba5\" data-element_type=\"container\">\n\t\t\t\t<div class=\"elementor-element elementor-element-2dca044 elementor-widget elementor-widget-image\" data-id=\"2dca044\" data-element_type=\"widget\" data-widget_type=\"image.default\">\n\t\t\t\t<div class=\"elementor-widget-container\">\n\t\t\t\t\t\t\t\t\t\t\t\t\t<img loading=\"lazy\" decoding=\"async\" width=\"512\" height=\"512\" src=\"https:\/\/rentacarincyprus.com\/wp-content\/uploads\/2024\/02\/photo_2024-02-08_19-21-08.jpg\" class=\"attachment-full size-full wp-image-11491\" alt=\"auto in chirie Chisinau\" srcset=\"https:\/\/rentacarincyprus.com\/wp-content\/uploads\/2024\/02\/photo_2024-02-08_19-21-08.jpg 512w, https:\/\/rentacarincyprus.com\/wp-content\/uploads\/2024\/02\/photo_2024-02-08_19-21-08-300x300.jpg 300w, https:\/\/rentacarincyprus.com\/wp-content\/uploads\/2024\/02\/photo_2024-02-08_19-21-08-150x150.jpg 150w, https:\/\/rentacarincyprus.com\/wp-content\/uploads\/2024\/02\/photo_2024-02-08_19-21-08-12x12.jpg 12w, https:\/\/rentacarincyprus.com\/wp-content\/uploads\/2024\/02\/photo_2024-02-08_19-21-08-100x100.jpg 100w\" sizes=\"(max-width: 512px) 100vw, 512px\" \/>\t\t\t\t\t\t\t\t\t\t\t\t\t<\/div>\n\t\t\t\t<\/div>\n\t\t\t\t<\/div>\n\t\t<div class=\"elementor-element elementor-element-d29615c e-con-full e-flex e-con e-child\" data-id=\"d29615c\" data-element_type=\"container\">\n\t\t\t\t<div class=\"elementor-element elementor-element-c26df78 elementor-widget elementor-widget-image\" data-id=\"c26df78\" data-element_type=\"widget\" data-widget_type=\"image.default\">\n\t\t\t\t<div class=\"elementor-widget-container\">\n\t\t\t\t\t\t\t\t\t\t\t\t\t<img loading=\"lazy\" decoding=\"async\" width=\"512\" height=\"512\" src=\"https:\/\/rentacarincyprus.com\/wp-content\/uploads\/2024\/02\/trip.png\" class=\"attachment-full size-full wp-image-11595\" alt=\"\" srcset=\"https:\/\/rentacarincyprus.com\/wp-content\/uploads\/2024\/02\/trip.png 512w, https:\/\/rentacarincyprus.com\/wp-content\/uploads\/2024\/02\/trip-300x300.png 300w, https:\/\/rentacarincyprus.com\/wp-content\/uploads\/2024\/02\/trip-150x150.png 150w, https:\/\/rentacarincyprus.com\/wp-content\/uploads\/2024\/02\/trip-12x12.png 12w, https:\/\/rentacarincyprus.com\/wp-content\/uploads\/2024\/02\/trip-100x100.png 100w\" sizes=\"(max-width: 512px) 100vw, 512px\" \/>\t\t\t\t\t\t\t\t\t\t\t\t\t<\/div>\n\t\t\t\t<\/div>\n\t\t\t\t<\/div>\n\t\t\t\t\t<\/div>\n\t\t\t\t<\/div>\n\t\t\t\t\t<\/div>\n\t\t\t\t<\/div>\n\t\t<div class=\"elementor-element elementor-element-6c89e0a e-flex e-con-boxed e-con e-parent\" data-id=\"6c89e0a\" data-element_type=\"container\">\n\t\t\t\t\t<div class=\"e-con-inner\">\n\t\t<div class=\"elementor-element elementor-element-88bc32f e-con-full e-flex e-con e-child\" data-id=\"88bc32f\" data-element_type=\"container\">\n\t\t\t\t<div class=\"elementor-element elementor-element-df53bb0 elementor-widget elementor-widget-tm_fancy_title\" data-id=\"df53bb0\" data-element_type=\"widget\" data-widget_type=\"tm_fancy_title.default\">\n\t\t\t\t<div class=\"elementor-widget-container\">\n\t\t\t\n<div class=\"fancy-title-container\">\n    <h2 class=\"fancy-title font-semibold uppercase text-h2\">**Avantajele \u00eenchirierii unei ma\u0219ini \u00een Cipru**<\/h2>\n\n    \n<\/div>\t\t<\/div>\n\t\t\t\t<\/div>\n\t\t\t\t<div class=\"elementor-element elementor-element-2af323d elementor-widget elementor-widget-text-editor\" data-id=\"2af323d\" data-element_type=\"widget\" data-widget_type=\"text-editor.default\">\n\t\t\t\t<div class=\"elementor-widget-container\">\n\t\t\t<style>\/*! elementor - v3.22.0 - 17-06-2024 *\/\n.elementor-widget-text-editor.elementor-drop-cap-view-stacked .elementor-drop-cap{background-color:#69727d;color:#fff}.elementor-widget-text-editor.elementor-drop-cap-view-framed .elementor-drop-cap{color:#69727d;border:3px solid;background-color:transparent}.elementor-widget-text-editor:not(.elementor-drop-cap-view-default) .elementor-drop-cap{margin-top:8px}.elementor-widget-text-editor:not(.elementor-drop-cap-view-default) .elementor-drop-cap-letter{width:1em;height:1em}.elementor-widget-text-editor .elementor-drop-cap{float:left;text-align:center;line-height:1;font-size:50px}.elementor-widget-text-editor .elementor-drop-cap-letter{display:inline-block}<\/style>\t\t\t\t<p>Cyprus is a fascinating destination, full of history, spectacular landscapes and dreamy beaches. However, to fully explore the island&#8217;s beauties, renting a car may be the best solution. Here are some reasons why renting a car <a href=\"https:\/\/www.hermesairports.com\/\">in Cyprus<\/a> can be extremely beneficial.<\/p><h4><strong>**Libertate de mi\u0219care**<\/strong><\/h4><p>One of the biggest advantages of renting a car in Cyprus is the freedom of movement. Without depending on public transport schedules or taxis, you can explore the island at your own pace. This is especially useful for visiting lesser-known attractions or located off the usual <a href=\"https:\/\/rentacarincyprus.com\/ro\/contacte\/\">tourist routes.<\/a><\/p><h4><strong>**Acces la loca\u021bii de la distan\u021b\u0103**<\/strong><\/h4><p>Cipru are multe locuri frumoase care sunt situate \u00een afara marilor ora\u0219e \u0219i a zonelor turistice populare. De exemplu, mun\u021bii Troodos, cu satele lor pitore\u0219ti \u0219i m\u0103n\u0103stirile ascunse, sunt mult mai accesibili cu ma\u0219ina. La fel sunt \u0219i plajele mai retrase, unde transportul public poate fi limitat sau inexistent.<\/p><h4><strong>**Economie de timp**<\/strong><\/h4><p>\u00cenchirierea unei ma\u0219ini v\u0103 permite s\u0103 economisi\u021bi timp pre\u021bios pe care altfel l-a\u021bi petrece a\u0219tept\u00e2nd autobuzele sau c\u0103ut\u00e2nd taxiuri. \u00ce\u021bi po\u021bi planifica ziua \u00een func\u021bie de preferin\u021bele \u0219i interesele tale, f\u0103r\u0103 a fi constr\u00e2ns de programe fixe.<\/p><h4><strong>**Confort \u0219i comoditate**<\/strong><\/h4><p>Confortul de a avea propriul mijloc de transport este incontestabil. V\u0103 pute\u021bi transporta cu u\u0219urin\u021b\u0103 bagajele \u0219i ave\u021bi toate lucrurile de care ave\u021bi nevoie pentru excursiile dvs. de o zi. \u00cen plus, aerul condi\u021bionat al ma\u0219inii v\u0103 permite s\u0103 c\u0103l\u0103tori\u021bi confortabil chiar \u0219i \u00een zilele toride de var\u0103.<\/p><h4><strong>**Flexibilitate**<\/strong><\/h4><p>\u00cenchirierea unei ma\u0219ini v\u0103 ofer\u0103 flexibilitatea de a schimba planurile pe parcurs f\u0103r\u0103 a fi nevoie s\u0103 a\u0219tepta\u021bi urm\u0103torul autobuz sau s\u0103 g\u0103si\u021bi un taxi disponibil. Pute\u021bi face opriri spontane pentru a fotografia peisaje spectaculoase sau pentru a explora atrac\u021bii care nu se aflau ini\u021bial pe itinerariul dvs.<\/p><h4><strong>**Eficient din punct de vedere al costurilor**<\/strong><\/h4><p>\u00cen func\u021bie de durata \u0219ederii dumneavoastr\u0103 \u0219i de distan\u021bele pe care inten\u021biona\u021bi s\u0103 le c\u0103l\u0103tori\u021bi, \u00eenchirierea unei ma\u0219ini poate fi chiar mai economic\u0103 dec\u00e2t utilizarea constant\u0103 a taxiurilor sau a altor forme de transport privat. De asemenea, dac\u0103 c\u0103l\u0103tori\u021bi \u00een grup, costurile de \u00eenchiriere pot fi \u00eemp\u0103r\u021bite, f\u0103c\u00e2nd aceast\u0103 op\u021biune \u0219i mai accesibil\u0103.<\/p><h4><strong>**Explorare cultural\u0103**<\/strong><\/h4><p>Cipru este o insul\u0103 cu o istorie bogat\u0103 \u0219i o cultur\u0103 divers\u0103. \u00cenchirierea unei ma\u0219ini v\u0103 permite s\u0103 vizita\u021bi situri istorice importante, muzee \u0219i ora\u0219e tradi\u021bionale, oferindu-v\u0103 o experien\u021b\u0103 cultural\u0103 autentic\u0103. De exemplu, pute\u021bi vizita ruinele antice din Kourion, m\u0103n\u0103stirea Kykkos sau satul Lefkara, renumit pentru dantel\u0103.<\/p><h4><strong>**Siguran\u021b\u0103**<\/strong><\/h4><p>\u00cenchirierea unei ma\u0219ini poate fi o op\u021biune mai sigur\u0103, mai ales dac\u0103 c\u0103l\u0103tori\u021bi cu copii sau ave\u021bi multe bagaje. V\u0103 pute\u021bi p\u0103stra bunurile \u00een siguran\u021b\u0103 \u0219i pute\u021bi c\u0103l\u0103tori f\u0103r\u0103 s\u0103 v\u0103 face\u021bi griji pentru securitatea personal\u0103.<\/p><h4><strong>**\u00cen concluzie**<\/strong><\/h4><p>\u00cenchirierea unei ma\u0219ini \u00een Cipru v\u0103 ofer\u0103 multe avantaje, de la libertatea de mi\u0219care \u0219i flexibilitate, p\u00e2n\u0103 la economie de timp \u0219i confort sporit. Indiferent dac\u0103 sunte\u021bi interesat de plaje idilice, trasee montane sau de explorare cultural\u0103 a insulei, o ma\u0219in\u0103 de \u00eenchiriat v\u0103 poate face c\u0103l\u0103toria o experien\u021b\u0103 mult mai pl\u0103cut\u0103 \u0219i memorabil\u0103.<\/p>\t\t\t\t\t\t<\/div>\n\t\t\t\t<\/div>\n\t\t\t\t<\/div>\n\t\t\t\t\t<\/div>\n\t\t\t\t<\/div>\n\t\t<div class=\"elementor-element elementor-element-8e28344 e-flex e-con-boxed e-con e-parent\" data-id=\"8e28344\" data-element_type=\"container\">\n\t\t\t\t\t<div class=\"e-con-inner\">\n\t\t<div class=\"elementor-element elementor-element-10e3fb0 e-con-full e-flex e-con e-child\" data-id=\"10e3fb0\" data-element_type=\"container\">\n\t\t\t\t<div class=\"elementor-element elementor-element-3291cd9 elementor-widget-mobile__width-inherit elementor-widget elementor-widget-facebook-page\" data-id=\"3291cd9\" data-element_type=\"widget\" data-widget_type=\"facebook-page.default\">\n\t\t\t\t<div class=\"elementor-widget-container\">\n\t\t\t<style>\/*! elementor-pro - v3.19.0 - 07-02-2024 *\/\n.elementor-facebook-widget.fb_iframe_widget,.elementor-facebook-widget.fb_iframe_widget span{width:100%!important}.elementor-facebook-widget.fb_iframe_widget iframe{position:relative;width:100%!important}.elementor-facebook-widget.fb-like{height:1px}.elementor-widget-facebook-comments iframe{width:100%!important}<\/style><div class=\"elementor-facebook-widget fb-page\" data-href=\"https:\/\/www.facebook.com\/RentacarLarnacaAeroportCypus\/?ref=embed_page\" data-tabs=\"timeline\" data-height=\"500px\" data-width=\"500px\" data-small-header=\"false\" data-hide-cover=\"false\" data-show-facepile=\"true\" data-hide-cta=\"false\" style=\"min-height: 1px;height:500px\"><\/div>\t\t<\/div>\n\t\t\t\t<\/div>\n\t\t\t\t<\/div>\n\t\t<div class=\"elementor-element elementor-element-3c620ce e-con-full e-flex e-con e-child\" data-id=\"3c620ce\" data-element_type=\"container\">\n\t\t\t\t<div class=\"elementor-element elementor-element-4f807b8 elementor-widget elementor-widget-shortcode\" data-id=\"4f807b8\" data-element_type=\"widget\" data-widget_type=\"shortcode.default\">\n\t\t\t\t<div class=\"elementor-widget-container\">\n\t\t\t\t\t<div class=\"elementor-shortcode\"><iframe src=\"https:\/\/www.google.com\/maps\/embed?pb=!1m14!1m8!1m3!1d52354.973200675166!2d33.5955064!3d34.9017859!3m2!1i1024!2i768!4f13.1!3m3!1m2!1s0x14e08300246b0d45%3A0x927ecba2ada2ad35!2sRent%20Car%20Larnaca%20no%20Credit%20Card!5e0!3m2!1sro!2s!4v1719215354191!5m2!1sro!2s\" width=\"600\" height=\"497\" style=\"border:0;\" allowfullscreen=\"\" loading=\"lazy\" referrerpolicy=\"no-referrer-when-downgrade\"><\/iframe><\/div>\n\t\t\t\t<\/div>\n\t\t\t\t<\/div>\n\t\t\t\t<\/div>\n\t\t\t\t\t<\/div>\n\t\t\t\t<\/div>\n\t\t\t\t<\/div>","protected":false},"excerpt":{"rendered":"<p>Cyprus is a fascinating destination, full of history, spectacular landscapes and dreamy beaches. However, to fully explore the island&#8217;s beauties, renting a car may be the best solution. Here are some reasons why renting a car in Cyprus can be extremely beneficial. **Freedom of Movement** One of the biggest advantages of renting a car in [&hellip;]<\/p>","protected":false},"author":3,"featured_media":13715,"parent":0,"menu_order":0,"comment_status":"closed","ping_status":"closed","template":"page-templates\/full-width-page.php","meta":{"footnotes":""},"yoast_head":"<!-- This site is optimized with the Yoast SEO Premium plugin v22.1 (Yoast SEO v22.9) - https:\/\/yoast.com\/wordpress\/plugins\/seo\/ -->\n<title>Car Rental at Larnaca Airport No Credit Card Required<\/title>\n<meta name=\"description\" content=\"Rent a car at Larnaca Airport with no credit card required, offering affordable rates and a wide selection of vehicles for every need.\" \/>\n<meta name=\"robots\" content=\"index, follow, max-snippet:-1, max-image-preview:large, max-video-preview:-1\" \/>\n<link rel=\"canonical\" href=\"https:\/\/rentacarincyprus.com\/ro\/\" \/>\n<meta property=\"og:locale\" content=\"ro_RO\" \/>\n<meta property=\"og:type\" content=\"article\" \/>\n<meta property=\"og:title\" content=\"Rent a car Cyprus Larnaca airport\" \/>\n<meta property=\"og:description\" content=\"rent a car Book now and experience the comfort and freedom of stress-free travel in Cyprus.\" \/>\n<meta property=\"og:url\" content=\"https:\/\/rentacarincyprus.com\/ro\/\" \/>\n<meta property=\"og:site_name\" content=\"CAR RENTAL LARNACA CYPRUS\" \/>\n<meta property=\"article:publisher\" content=\"https:\/\/www.facebook.com\/CarhireVeniceAirport\/\" \/>\n<meta property=\"article:modified_time\" content=\"2026-01-11T10:52:46+00:00\" \/>\n<meta property=\"og:image\" content=\"https:\/\/rentacarincyprus.com\/wp-content\/uploads\/2024\/05\/30-308748_black-bmw-m5-2013-car-png-clipart-best.png\" \/>\n\t<meta property=\"og:image:width\" content=\"860\" \/>\n\t<meta property=\"og:image:height\" content=\"509\" \/>\n\t<meta property=\"og:image:type\" content=\"image\/png\" \/>\n<meta name=\"twitter:card\" content=\"summary_large_image\" \/>\n<meta name=\"twitter:title\" content=\"Book a car\" \/>\n<meta name=\"twitter:description\" content=\"CAR RENTAL LARNACA CYPRUS\" \/>\n<meta name=\"twitter:label1\" content=\"Timp estimat pentru citire\" \/>\n\t<meta name=\"twitter:data1\" content=\"5 minute\" \/>\n<script type=\"application\/ld+json\" class=\"yoast-schema-graph\">{\"@context\":\"https:\/\/schema.org\",\"@graph\":[{\"@type\":\"WebPage\",\"@id\":\"https:\/\/rentacarincyprus.com\/\",\"url\":\"https:\/\/rentacarincyprus.com\/\",\"name\":\"Car Rental at Larnaca Airport No Credit Card Required\",\"isPartOf\":{\"@id\":\"https:\/\/rentacarincyprus.com\/#website\"},\"primaryImageOfPage\":{\"@id\":\"https:\/\/rentacarincyprus.com\/#primaryimage\"},\"image\":{\"@id\":\"https:\/\/rentacarincyprus.com\/#primaryimage\"},\"thumbnailUrl\":\"https:\/\/rentacarincyprus.com\/wp-content\/uploads\/2024\/05\/cropped-Dacia-sandero.jpg\",\"datePublished\":\"2024-03-04T12:00:57+00:00\",\"dateModified\":\"2026-01-11T10:52:46+00:00\",\"description\":\"Rent a car at Larnaca Airport with no credit card required, offering affordable rates and a wide selection of vehicles for every need.\",\"breadcrumb\":{\"@id\":\"https:\/\/rentacarincyprus.com\/#breadcrumb\"},\"inLanguage\":\"ro-RO\",\"potentialAction\":[{\"@type\":\"ReadAction\",\"target\":[\"https:\/\/rentacarincyprus.com\/\"]}]},{\"@type\":\"ImageObject\",\"inLanguage\":\"ro-RO\",\"@id\":\"https:\/\/rentacarincyprus.com\/#primaryimage\",\"url\":\"https:\/\/rentacarincyprus.com\/wp-content\/uploads\/2024\/05\/cropped-Dacia-sandero.jpg\",\"contentUrl\":\"https:\/\/rentacarincyprus.com\/wp-content\/uploads\/2024\/05\/cropped-Dacia-sandero.jpg\",\"width\":512,\"height\":512,\"caption\":\"auto in chirie Chisinau\"},{\"@type\":\"BreadcrumbList\",\"@id\":\"https:\/\/rentacarincyprus.com\/#breadcrumb\",\"itemListElement\":[{\"@type\":\"ListItem\",\"position\":1,\"name\":\"Home\",\"item\":\"https:\/\/rentacarincyprus.com\/\"},{\"@type\":\"ListItem\",\"position\":2,\"name\":\"Book a car\"}]},{\"@type\":\"WebSite\",\"@id\":\"https:\/\/rentacarincyprus.com\/#website\",\"url\":\"https:\/\/rentacarincyprus.com\/\",\"name\":\"Rent a car airport Treviso Venezia\",\"description\":\"CAR RENTAL LARNACA CYPRUS\",\"publisher\":{\"@id\":\"https:\/\/rentacarincyprus.com\/#organization\"},\"potentialAction\":[{\"@type\":\"SearchAction\",\"target\":{\"@type\":\"EntryPoint\",\"urlTemplate\":\"https:\/\/rentacarincyprus.com\/?s={search_term_string}\"},\"query-input\":\"required name=search_term_string\"}],\"inLanguage\":\"ro-RO\"},{\"@type\":\"Organization\",\"@id\":\"https:\/\/rentacarincyprus.com\/#organization\",\"name\":\"Rent a carTreviso\",\"url\":\"https:\/\/rentacarincyprus.com\/\",\"logo\":{\"@type\":\"ImageObject\",\"inLanguage\":\"ro-RO\",\"@id\":\"https:\/\/rentacarincyprus.com\/#\/schema\/logo\/image\/\",\"url\":\"\",\"contentUrl\":\"\",\"caption\":\"Rent a carTreviso\"},\"image\":{\"@id\":\"https:\/\/rentacarincyprus.com\/#\/schema\/logo\/image\/\"},\"sameAs\":[\"https:\/\/www.facebook.com\/CarhireVeniceAirport\/\",\"https:\/\/www.instagram.com\/rent_a_car_venice_airport\/\"]}]}<\/script>\n<!-- \/ Yoast SEO Premium plugin. -->","yoast_head_json":{"title":"Car Rental at Larnaca Airport No Credit Card Required","description":"Rent a car at Larnaca Airport with no credit card required, offering affordable rates and a wide selection of vehicles for every need.","robots":{"index":"index","follow":"follow","max-snippet":"max-snippet:-1","max-image-preview":"max-image-preview:large","max-video-preview":"max-video-preview:-1"},"canonical":"https:\/\/rentacarincyprus.com\/ro\/","og_locale":"ro_RO","og_type":"article","og_title":"Rent a car Cyprus Larnaca airport","og_description":"rent a car Book now and experience the comfort and freedom of stress-free travel in Cyprus.","og_url":"https:\/\/rentacarincyprus.com\/ro\/","og_site_name":"CAR RENTAL LARNACA CYPRUS","article_publisher":"https:\/\/www.facebook.com\/CarhireVeniceAirport\/","article_modified_time":"2026-01-11T10:52:46+00:00","og_image":[{"width":860,"height":509,"url":"https:\/\/rentacarincyprus.com\/wp-content\/uploads\/2024\/05\/30-308748_black-bmw-m5-2013-car-png-clipart-best.png","type":"image\/png"}],"twitter_card":"summary_large_image","twitter_title":"Book a car","twitter_description":"CAR RENTAL LARNACA CYPRUS","twitter_misc":{"Timp estimat pentru citire":"5 minute"},"schema":{"@context":"https:\/\/schema.org","@graph":[{"@type":"WebPage","@id":"https:\/\/rentacarincyprus.com\/","url":"https:\/\/rentacarincyprus.com\/","name":"Car Rental at Larnaca Airport No Credit Card Required","isPartOf":{"@id":"https:\/\/rentacarincyprus.com\/#website"},"primaryImageOfPage":{"@id":"https:\/\/rentacarincyprus.com\/#primaryimage"},"image":{"@id":"https:\/\/rentacarincyprus.com\/#primaryimage"},"thumbnailUrl":"https:\/\/rentacarincyprus.com\/wp-content\/uploads\/2024\/05\/cropped-Dacia-sandero.jpg","datePublished":"2024-03-04T12:00:57+00:00","dateModified":"2026-01-11T10:52:46+00:00","description":"Rent a car at Larnaca Airport with no credit card required, offering affordable rates and a wide selection of vehicles for every need.","breadcrumb":{"@id":"https:\/\/rentacarincyprus.com\/#breadcrumb"},"inLanguage":"ro-RO","potentialAction":[{"@type":"ReadAction","target":["https:\/\/rentacarincyprus.com\/"]}]},{"@type":"ImageObject","inLanguage":"ro-RO","@id":"https:\/\/rentacarincyprus.com\/#primaryimage","url":"https:\/\/rentacarincyprus.com\/wp-content\/uploads\/2024\/05\/cropped-Dacia-sandero.jpg","contentUrl":"https:\/\/rentacarincyprus.com\/wp-content\/uploads\/2024\/05\/cropped-Dacia-sandero.jpg","width":512,"height":512,"caption":"auto in chirie Chisinau"},{"@type":"BreadcrumbList","@id":"https:\/\/rentacarincyprus.com\/#breadcrumb","itemListElement":[{"@type":"ListItem","position":1,"name":"Home","item":"https:\/\/rentacarincyprus.com\/"},{"@type":"ListItem","position":2,"name":"Book a car"}]},{"@type":"WebSite","@id":"https:\/\/rentacarincyprus.com\/#website","url":"https:\/\/rentacarincyprus.com\/","name":"Rent a car airport Treviso Venezia","description":"CAR RENTAL LARNACA CYPRUS","publisher":{"@id":"https:\/\/rentacarincyprus.com\/#organization"},"potentialAction":[{"@type":"SearchAction","target":{"@type":"EntryPoint","urlTemplate":"https:\/\/rentacarincyprus.com\/?s={search_term_string}"},"query-input":"required name=search_term_string"}],"inLanguage":"ro-RO"},{"@type":"Organization","@id":"https:\/\/rentacarincyprus.com\/#organization","name":"Rent a carTreviso","url":"https:\/\/rentacarincyprus.com\/","logo":{"@type":"ImageObject","inLanguage":"ro-RO","@id":"https:\/\/rentacarincyprus.com\/#\/schema\/logo\/image\/","url":"","contentUrl":"","caption":"Rent a carTreviso"},"image":{"@id":"https:\/\/rentacarincyprus.com\/#\/schema\/logo\/image\/"},"sameAs":["https:\/\/www.facebook.com\/CarhireVeniceAirport\/","https:\/\/www.instagram.com\/rent_a_car_venice_airport\/"]}]}},"_links":{"self":[{"href":"https:\/\/rentacarincyprus.com\/ro\/wp-json\/wp\/v2\/pages\/2491"}],"collection":[{"href":"https:\/\/rentacarincyprus.com\/ro\/wp-json\/wp\/v2\/pages"}],"about":[{"href":"https:\/\/rentacarincyprus.com\/ro\/wp-json\/wp\/v2\/types\/page"}],"author":[{"embeddable":true,"href":"https:\/\/rentacarincyprus.com\/ro\/wp-json\/wp\/v2\/users\/3"}],"replies":[{"embeddable":true,"href":"https:\/\/rentacarincyprus.com\/ro\/wp-json\/wp\/v2\/comments?post=2491"}],"version-history":[{"count":742,"href":"https:\/\/rentacarincyprus.com\/ro\/wp-json\/wp\/v2\/pages\/2491\/revisions"}],"predecessor-version":[{"id":14356,"href":"https:\/\/rentacarincyprus.com\/ro\/wp-json\/wp\/v2\/pages\/2491\/revisions\/14356"}],"wp:featuredmedia":[{"embeddable":true,"href":"https:\/\/rentacarincyprus.com\/ro\/wp-json\/wp\/v2\/media\/13715"}],"wp:attachment":[{"href":"https:\/\/rentacarincyprus.com\/ro\/wp-json\/wp\/v2\/media?parent=2491"}],"curies":[{"name":"wp","href":"https:\/\/api.w.org\/{rel}","templated":true}]}}